{"id":13874,"date":"2017-08-08T20:20:09","date_gmt":"2017-08-09T01:20:09","guid":{"rendered":"http:\/\/www.perupesquero.org\/web\/?page_id=13874"},"modified":"2017-08-14T17:54:45","modified_gmt":"2017-08-14T22:54:45","slug":"caos-en-desembarcaderos-artesanales-pone-en-la-picota-a-ministro-oleachea-y-viceministro-hector-soldi","status":"publish","type":"page","link":"http:\/\/www.perupesquero.org\/web\/caos-en-desembarcaderos-artesanales-pone-en-la-picota-a-ministro-oleachea-y-viceministro-hector-soldi\/","title":{"rendered":"Caos en Desembarcaderos Artesanales pone en la picota a Ministro Oleachea y Viceministro H\u00e9ctor Soldi"},"content":{"rendered":"<p>[vc_row full_width=&#8221;stretch_row&#8221; content_placement=&#8221;top&#8221; css=&#8221;.vc_custom_1502244332332{margin-top: 0px !important;margin-right: 0px !important;margin-bottom: 0px !important;margin-left: 0px !important;border-top-width: 0px !important;border-right-width: 0px !important;border-bottom-width: 0px !important;border-left-width: 0px !important;padding-top: 0px !important;padding-right: 0px !important;padding-bottom: 0px !important;padding-left: 0px !important;border-left-style: none !important;border-right-style: none !important;border-top-style: none !important;border-bottom-style: none !important;}&#8221;][vc_column css=&#8221;.vc_custom_1502244833737{margin-top: 0px !important;margin-right: 0px !important;margin-bottom: 0px !important;margin-left: 0px !important;border-top-width: 0px !important;border-right-width: 0px !important;border-bottom-width: 0px !important;border-left-width: 0px !important;padding-top: 0px !important;padding-right: 0px !important;padding-bottom: 0px !important;padding-left: 0px !important;border-left-style: none !important;border-right-style: none !important;border-top-style: none !important;border-bottom-style: none !important;}&#8221;][vc_single_image image=&#8221;13902&#8243; img_size=&#8221;full&#8221; alignment=&#8221;center&#8221; css_animation=&#8221;top-to-bottom&#8221; css=&#8221;.vc_custom_1502246084950{margin-right: -50px !important;margin-left: -50px !important;}&#8221;][\/vc_column][\/vc_row][vc_row][vc_column][vc_column_text]<\/p>\n<h4 style=\"text-align: justify;\">Si bien es cierto en el 2016, se proyectaron 250 millones de nuevos soles para la modernizaci\u00f3n de 20 desembarcaderos Pesqueros Artesanales \u2013 DPA, adecu\u00e1ndolos a los est\u00e1ndares sanitarios pesqueros nacionales; sin embargo, la ca\u00f3tica situaci\u00f3n que atraviesan desenmascara una amarga y triste realidad que pone en la picota al Ministro de la Producci\u00f3n, Pedro Oleachea, Viceministro de Pesca, H\u00e9ctor Soldi, FONDEPES y SANIPES, que incapaces dejan que los recursos pesqueros que se abastecen al mercado local, nacional e internacional sean manipulados antihig\u00e9nicamente poniendo en peligro la salud p\u00fablica. PERUPESQUERO, recorri\u00f3 los principales puntos de desembarque en la zona norte del pa\u00eds, y lo que realmente encontr\u00f3 fue una infraestructura, ruinosa, carente de mantenimiento, falta de higiene, oxidada y con los sistema de electricidad nulos, am\u00e9n de los sistemas de frio en estado calamitoso.<\/h4>\n<h4 style=\"text-align: justify;\">Pero veamos la realidad al 4 de agosto del 2017:<\/h4>\n<p>[\/vc_column_text][\/vc_column][\/vc_row][vc_row][vc_column][vc_column_text]<\/p>\n<h1 class=\"m_4925128826833707920MsoNoSpacing\" style=\"text-align: justify;\"><span style=\"color: #800000;\"><b><span lang=\"ES-PE\">DPA\u00a0de Cabo Blanco<\/span><\/b><\/span><\/h1>\n<h4 class=\"m_4925128826833707920MsoNoSpacing\" style=\"text-align: justify;\">En total reconstrucci\u00f3n y si bien no se conoce ampliamente los montos exactos que utilizar\u00e1n, sabemos a priori que se presentar\u00e1n problemas por falta de previsi\u00f3n como es el caso, de la futura planta de hielo y la c\u00e1mara de conservaci\u00f3n de pescado; para lo cual se necesita un sistema de corriente trif\u00e1sico, que no existe en Cabo Blanco y tampoco ser\u00e1 implementado en el corto plazo. Por eso, que nunca se us\u00f3, el que ten\u00eda instalado; a todo esto \u00bfd\u00f3nde se encontrar\u00e1 el antiguo productor de hielo y la c\u00e1mara que se encontraba con paneles en buen estado?.<br \/>\nLo peor de todo, es que pese a esta situaci\u00f3n, las descargas de capturas realizadas por las flotas artesanales se hacen como si estuvieras en la \u00e9poca de la carreta (como hace 1000 a\u00f1os atr\u00e1s), en forma inapropiada t\u00e9cnicamente y antihigi\u00e9nica, como se comprob\u00f3 con los desembarques de interesantes piezas de At\u00fan aleta amarilla de 84 kilos, que terminaron en un estado totalmente deteriorado, con la piel reseca por el fuerte sol.<\/h4>\n<h1 class=\"m_4925128826833707920MsoNoSpacing\" style=\"text-align: justify;\"><span style=\"color: #800000;\"><b><span lang=\"ES-PE\"><img decoding=\"async\" class=\"aligncenter size-full wp-image-13909\" src=\"http:\/\/www.perupesquero.org\/web\/wp-content\/uploads\/2017\/08\/cabo-blanco-2.jpg\" alt=\"cabo blanco 2\" width=\"100%\" srcset=\"http:\/\/www.perupesquero.org\/web\/wp-content\/uploads\/2017\/08\/cabo-blanco-2.jpg 1009w, http:\/\/www.perupesquero.org\/web\/wp-content\/uploads\/2017\/08\/cabo-blanco-2-300x179.jpg 300w, http:\/\/www.perupesquero.org\/web\/wp-content\/uploads\/2017\/08\/cabo-blanco-2-768x458.jpg 768w\" sizes=\"(max-width: 1009px) 100vw, 1009px\" \/><\/span><\/b><\/span><\/h1>\n<p>[\/vc_column_text][vc_column_text]<\/p>\n<h1 class=\"m_4925128826833707920MsoNoSpacing\"><span style=\"color: #800000;\"><b><span lang=\"ES-PE\">DPA El \u00d1uro<\/span><\/b><\/span><\/h1>\n<h4 style=\"text-align: justify;\">A pesar de haber sido actualizado su infraestructura, ya que fue inaugurado en el 2004, y convertido en un eje tur\u00edstico (tortugas y tours de avistamiento de ballenas), fue equipado en su construcci\u00f3n con un moderno productor de hielo en escamas que, igual que en Cabo Blanco, nunca se us\u00f3 porque el agua y la luz, llegaron muchos a\u00f1os m\u00e1s tarde y lo encontraron ya canibalizado. Asimismo se observa que los embates de la naturaleza, mucho antes del pasado evento de El Ni\u00f1o 2014- 17, originaron algunos da\u00f1os, que hasta hoy no han sido reparados.<\/h4>\n<p>[\/vc_column_text][\/vc_column][\/vc_row][vc_row][vc_column]<div class=\"wrap-slider nav-hidden\"><div class=\"sv-slider \" data-item=\"1\" data-speed=\"3000\" data-itemres=\"\" data-animation=\"fade\" data-nav=\"nav-hidden\" data-auto_height=\"\"><div class=\"item\">\r\n                            <div class=\"thumb-slider\">\r\n                                <a href=\"\" class=\"link-thumb-slider\">\r\n                                    <img loading=\"lazy\" decoding=\"async\" width=\"1300\" height=\"718\" src=\"http:\/\/www.perupesquero.org\/web\/wp-content\/uploads\/2017\/08\/El-\u00d1uro.jpg\" class=\"attachment-full size-full\" alt=\"\" srcset=\"http:\/\/www.perupesquero.org\/web\/wp-content\/uploads\/2017\/08\/El-\u00d1uro.jpg 1300w, http:\/\/www.perupesquero.org\/web\/wp-content\/uploads\/2017\/08\/El-\u00d1uro-300x166.jpg 300w, http:\/\/www.perupesquero.org\/web\/wp-content\/uploads\/2017\/08\/El-\u00d1uro-768x424.jpg 768w, http:\/\/www.perupesquero.org\/web\/wp-content\/uploads\/2017\/08\/El-\u00d1uro-1024x566.jpg 1024w\" sizes=\"auto, (max-width: 1300px) 100vw, 1300px\" \/>\r\n                                <\/a>\r\n                            <\/div>\r\n                            <div class=\"info-slider\">\r\n                                \r\n                            <\/div>\r\n                        <\/div><div class=\"item\">\r\n                            <div class=\"thumb-slider\">\r\n                                <a href=\"\" class=\"link-thumb-slider\">\r\n                                    <img loading=\"lazy\" decoding=\"async\" width=\"1280\" height=\"718\" src=\"http:\/\/www.perupesquero.org\/web\/wp-content\/uploads\/2017\/08\/el-\u00d1uro-2.jpg\" class=\"attachment-full size-full\" alt=\"\" srcset=\"http:\/\/www.perupesquero.org\/web\/wp-content\/uploads\/2017\/08\/el-\u00d1uro-2.jpg 1280w, http:\/\/www.perupesquero.org\/web\/wp-content\/uploads\/2017\/08\/el-\u00d1uro-2-300x168.jpg 300w, http:\/\/www.perupesquero.org\/web\/wp-content\/uploads\/2017\/08\/el-\u00d1uro-2-768x431.jpg 768w, http:\/\/www.perupesquero.org\/web\/wp-content\/uploads\/2017\/08\/el-\u00d1uro-2-1024x574.jpg 1024w\" sizes=\"auto, (max-width: 1280px) 100vw, 1280px\" \/>\r\n                                <\/a>\r\n                            <\/div>\r\n                            <div class=\"info-slider\">\r\n                                \r\n                            <\/div>\r\n                        <\/div><div class=\"item\">\r\n                            <div class=\"thumb-slider\">\r\n                                <a href=\"\" class=\"link-thumb-slider\">\r\n                                    <img loading=\"lazy\" decoding=\"async\" width=\"1158\" height=\"683\" src=\"http:\/\/www.perupesquero.org\/web\/wp-content\/uploads\/2017\/08\/el-nuro-4.jpg\" class=\"attachment-full size-full\" alt=\"\" srcset=\"http:\/\/www.perupesquero.org\/web\/wp-content\/uploads\/2017\/08\/el-nuro-4.jpg 1158w, http:\/\/www.perupesquero.org\/web\/wp-content\/uploads\/2017\/08\/el-nuro-4-300x177.jpg 300w, http:\/\/www.perupesquero.org\/web\/wp-content\/uploads\/2017\/08\/el-nuro-4-768x453.jpg 768w, http:\/\/www.perupesquero.org\/web\/wp-content\/uploads\/2017\/08\/el-nuro-4-1024x604.jpg 1024w\" sizes=\"auto, (max-width: 1158px) 100vw, 1158px\" \/>\r\n                                <\/a>\r\n                            <\/div>\r\n                            <div class=\"info-slider\">\r\n                                \r\n                            <\/div>\r\n                        <\/div><\/div><\/div>[\/vc_column][\/vc_row][vc_row][vc_column][vc_column_text]<\/p>\n<h1><span style=\"color: #800000;\"><b><span lang=\"ES-PE\">DPA Los \u00d3rganos<\/span><\/b><\/span><\/h1>\n<h4 style=\"text-align: justify;\">Este punto tambi\u00e9n es utilizado para el turismo (tortugas y avistamientos de ballenas); sin embargo, la infraestructura se encuentra desde varios a\u00f1os en total abandono, incumpliendo las normas sanitarias como tampoco posee emisor submarino. Efectivamente, el emisor submarino fue su espada de Damocles, ya que nunca lo habilitaron sanitariamente por que la empresa constructora que contrato FONDEPES nunca lo instal\u00f3.<\/h4>\n<p>[\/vc_column_text][\/vc_column][\/vc_row][vc_row][vc_column]<div class=\"wrap-slider nav-hidden\"><div class=\"sv-slider \" data-item=\"1\" data-speed=\"4000\" data-itemres=\"\" data-animation=\"\" data-nav=\"nav-hidden\" data-auto_height=\"\"><div class=\"item\">\r\n                                    <div class=\"event-banner-thumb\">\r\n                                        <a href=\"\"><img loading=\"lazy\" decoding=\"async\" width=\"1300\" height=\"718\" src=\"http:\/\/www.perupesquero.org\/web\/wp-content\/uploads\/2017\/08\/organos-3.jpg\" class=\"attachment-full size-full\" alt=\"\" srcset=\"http:\/\/www.perupesquero.org\/web\/wp-content\/uploads\/2017\/08\/organos-3.jpg 1300w, http:\/\/www.perupesquero.org\/web\/wp-content\/uploads\/2017\/08\/organos-3-300x166.jpg 300w, http:\/\/www.perupesquero.org\/web\/wp-content\/uploads\/2017\/08\/organos-3-768x424.jpg 768w, http:\/\/www.perupesquero.org\/web\/wp-content\/uploads\/2017\/08\/organos-3-1024x566.jpg 1024w\" sizes=\"auto, (max-width: 1300px) 100vw, 1300px\" \/><\/a>\r\n                                    <\/div>\r\n                                    <div class=\"event-banner-info\">\r\n                                        \r\n                                    <\/div>\r\n                                <\/div><div class=\"item\">\r\n                                    <div class=\"event-banner-thumb\">\r\n                                        <a href=\"\"><img loading=\"lazy\" decoding=\"async\" width=\"1300\" height=\"718\" src=\"http:\/\/www.perupesquero.org\/web\/wp-content\/uploads\/2017\/08\/emisor-de-organos.jpg\" class=\"attachment-full size-full\" alt=\"\" srcset=\"http:\/\/www.perupesquero.org\/web\/wp-content\/uploads\/2017\/08\/emisor-de-organos.jpg 1300w, http:\/\/www.perupesquero.org\/web\/wp-content\/uploads\/2017\/08\/emisor-de-organos-300x166.jpg 300w, http:\/\/www.perupesquero.org\/web\/wp-content\/uploads\/2017\/08\/emisor-de-organos-768x424.jpg 768w, http:\/\/www.perupesquero.org\/web\/wp-content\/uploads\/2017\/08\/emisor-de-organos-1024x566.jpg 1024w\" sizes=\"auto, (max-width: 1300px) 100vw, 1300px\" \/><\/a>\r\n                                    <\/div>\r\n                                    <div class=\"event-banner-info\">\r\n                                        \r\n                                    <\/div>\r\n                                <\/div><div class=\"item\">\r\n                                    <div class=\"event-banner-thumb\">\r\n                                        <a href=\"\"><img loading=\"lazy\" decoding=\"async\" width=\"1300\" height=\"718\" src=\"http:\/\/www.perupesquero.org\/web\/wp-content\/uploads\/2017\/08\/organos-5.jpg\" class=\"attachment-full size-full\" alt=\"\" srcset=\"http:\/\/www.perupesquero.org\/web\/wp-content\/uploads\/2017\/08\/organos-5.jpg 1300w, http:\/\/www.perupesquero.org\/web\/wp-content\/uploads\/2017\/08\/organos-5-300x166.jpg 300w, http:\/\/www.perupesquero.org\/web\/wp-content\/uploads\/2017\/08\/organos-5-768x424.jpg 768w, http:\/\/www.perupesquero.org\/web\/wp-content\/uploads\/2017\/08\/organos-5-1024x566.jpg 1024w\" sizes=\"auto, (max-width: 1300px) 100vw, 1300px\" \/><\/a>\r\n                                    <\/div>\r\n                                    <div class=\"event-banner-info\">\r\n                                        \r\n                                    <\/div>\r\n                                <\/div><\/div><\/div>[\/vc_column][\/vc_row][vc_row][vc_column][vc_column_text]<\/p>\n<h1><span style=\"color: #800000;\"><b><span lang=\"ES-PE\">DPA Mancora<\/span><\/b><\/span><\/h1>\n<h4 style=\"text-align: justify;\">Si bien es cierto, ha sido totalmente reconstruido y su infraestructura es llamativa, no se consider\u00f3 la falta de corriente trif\u00e1sica con lo cual, tanto la planta de hielo como la c\u00e1mara de conservaci\u00f3n de pescado han quedado como\u00a0<b>elefantes blancos<\/b>\u00a0debido a que no pueden ser utilizados. Tras el evento de El Ni\u00f1o 2014- 17, debido a la falta de prevenci\u00f3n el primer piso de este DPA termin\u00f3 cubierto por agua y barro, dej\u00e1ndolo inhabitable hasta el d\u00eda de hoy.<\/h4>\n<p>[\/vc_column_text][\/vc_column][\/vc_row][vc_row][vc_column]<div class=\"wrap-slider default\"><div class=\"sv-slider \" data-item=\"1\" data-speed=\"4000\" data-itemres=\"\" data-animation=\"\" data-nav=\"default\" data-auto_height=\"\"><div class=\"item\">\r\n                            <div class=\"thumb-slider\">\r\n                                <a href=\"\" class=\"link-thumb-slider\">\r\n                                    <img loading=\"lazy\" decoding=\"async\" width=\"1300\" height=\"718\" src=\"http:\/\/www.perupesquero.org\/web\/wp-content\/uploads\/2017\/08\/mancora-4.jpg\" class=\"attachment-full size-full\" alt=\"\" srcset=\"http:\/\/www.perupesquero.org\/web\/wp-content\/uploads\/2017\/08\/mancora-4.jpg 1300w, http:\/\/www.perupesquero.org\/web\/wp-content\/uploads\/2017\/08\/mancora-4-300x166.jpg 300w, http:\/\/www.perupesquero.org\/web\/wp-content\/uploads\/2017\/08\/mancora-4-768x424.jpg 768w, http:\/\/www.perupesquero.org\/web\/wp-content\/uploads\/2017\/08\/mancora-4-1024x566.jpg 1024w\" sizes=\"auto, (max-width: 1300px) 100vw, 1300px\" \/>\r\n                                <\/a>\r\n                            <\/div>\r\n                            <div class=\"info-slider\">\r\n                                \r\n                            <\/div>\r\n                        <\/div><div class=\"item\">\r\n                            <div class=\"thumb-slider\">\r\n                                <a href=\"\" class=\"link-thumb-slider\">\r\n                                    <img loading=\"lazy\" decoding=\"async\" width=\"1300\" height=\"718\" src=\"http:\/\/www.perupesquero.org\/web\/wp-content\/uploads\/2017\/08\/mancora-2-1.jpg\" class=\"attachment-full size-full\" alt=\"\" srcset=\"http:\/\/www.perupesquero.org\/web\/wp-content\/uploads\/2017\/08\/mancora-2-1.jpg 1300w, http:\/\/www.perupesquero.org\/web\/wp-content\/uploads\/2017\/08\/mancora-2-1-300x166.jpg 300w, http:\/\/www.perupesquero.org\/web\/wp-content\/uploads\/2017\/08\/mancora-2-1-768x424.jpg 768w, http:\/\/www.perupesquero.org\/web\/wp-content\/uploads\/2017\/08\/mancora-2-1-1024x566.jpg 1024w\" sizes=\"auto, (max-width: 1300px) 100vw, 1300px\" \/>\r\n                                <\/a>\r\n                            <\/div>\r\n                            <div class=\"info-slider\">\r\n                                \r\n                            <\/div>\r\n                        <\/div><div class=\"item\">\r\n                            <div class=\"thumb-slider\">\r\n                                <a href=\"\" class=\"link-thumb-slider\">\r\n                                    <img loading=\"lazy\" decoding=\"async\" width=\"1300\" height=\"718\" src=\"http:\/\/www.perupesquero.org\/web\/wp-content\/uploads\/2017\/08\/mancora-5.jpg\" class=\"attachment-full size-full\" alt=\"\" srcset=\"http:\/\/www.perupesquero.org\/web\/wp-content\/uploads\/2017\/08\/mancora-5.jpg 1300w, http:\/\/www.perupesquero.org\/web\/wp-content\/uploads\/2017\/08\/mancora-5-300x166.jpg 300w, http:\/\/www.perupesquero.org\/web\/wp-content\/uploads\/2017\/08\/mancora-5-768x424.jpg 768w, http:\/\/www.perupesquero.org\/web\/wp-content\/uploads\/2017\/08\/mancora-5-1024x566.jpg 1024w\" sizes=\"auto, (max-width: 1300px) 100vw, 1300px\" \/>\r\n                                <\/a>\r\n                            <\/div>\r\n                            <div class=\"info-slider\">\r\n                                \r\n                            <\/div>\r\n                        <\/div><\/div><\/div>[\/vc_column][\/vc_row][vc_row][vc_column][vc_column_text]<\/p>\n<h1><span style=\"color: #800000;\"><b><span lang=\"ES-PE\">DPA CANCAS<\/span><\/b><\/span><\/h1>\n<h4 class=\"m_-7026335879513675604MsoNoSpacing\" style=\"text-align: justify;\"><span lang=\"ES-PE\">Este desembarcadero construido en 1988,\u00a0 luego reparado \u201cde acuerdo a la norma sanitaria\u201d y reinaugurado con \u201cbombos y platillos\u201d, el 9 diciembre del 2013, por otrora Ministra de la Producci\u00f3n y actual Vicepresidente del Per\u00fa, Mercedes Araoz, junto a la ex Viceministra de Pesquer\u00eda y actual Ministra de Medio Ambiente, Elsa Galarza y el mal recordado ex Presidente del FONDEPES, Cesar Vargas Luna, para verg\u00fcenza nacional nunca fue utilizado por los artesanales, debido a una serie de deficiencias en su infraestructura y adem\u00e1s de no contar con un emisor submarino, que seg\u00fan informan extra\u00f1amente habr\u00eda sido robado antes de ser instalado.<u><\/u><u><\/u><\/span><\/h4>\n<h4 class=\"m_-7026335879513675604MsoNoSpacing\" style=\"text-align: justify;\"><span lang=\"ES-PE\">En la actualidad a ninguna autoridad, le ha interesado supervisarlo menos habilitarlo sanitariamente, ni siquiera por el bienestar de los cientos de pescadores artesanales que a diario tiene que usar la paup\u00e9rrima infraestructura. Ser\u00eda bueno que tanto la se\u00f1ora Araoz como Galarza retiren la placa, ya que en honor a la verdad es una gran ofensa para la actividad artesanal.<\/span><\/h4>\n<p>[\/vc_column_text]<div class=\"wrap-slider home-paginav\"><div class=\"sv-slider \" data-item=\"1\" data-speed=\"3000\" data-itemres=\"\" data-animation=\"\" data-nav=\"home-paginav\" data-auto_height=\"\"><div class=\"item\">\r\n                            <div class=\"thumb-slider\">\r\n                                <a href=\"\" class=\"link-thumb-slider\">\r\n                                    <img loading=\"lazy\" decoding=\"async\" width=\"1300\" height=\"718\" src=\"http:\/\/www.perupesquero.org\/web\/wp-content\/uploads\/2017\/08\/muelle-8.jpg\" class=\"attachment-full size-full\" alt=\"\" srcset=\"http:\/\/www.perupesquero.org\/web\/wp-content\/uploads\/2017\/08\/muelle-8.jpg 1300w, http:\/\/www.perupesquero.org\/web\/wp-content\/uploads\/2017\/08\/muelle-8-300x166.jpg 300w, http:\/\/www.perupesquero.org\/web\/wp-content\/uploads\/2017\/08\/muelle-8-768x424.jpg 768w, http:\/\/www.perupesquero.org\/web\/wp-content\/uploads\/2017\/08\/muelle-8-1024x566.jpg 1024w\" sizes=\"auto, (max-width: 1300px) 100vw, 1300px\" \/>\r\n                                <\/a>\r\n                            <\/div>\r\n                            <div class=\"info-slider\">\r\n                                \r\n                            <\/div>\r\n                        <\/div><div class=\"item\">\r\n                            <div class=\"thumb-slider\">\r\n                                <a href=\"\" class=\"link-thumb-slider\">\r\n                                    <img loading=\"lazy\" decoding=\"async\" width=\"1300\" height=\"718\" src=\"http:\/\/www.perupesquero.org\/web\/wp-content\/uploads\/2017\/08\/muelle-3.jpg\" class=\"attachment-full size-full\" alt=\"\" srcset=\"http:\/\/www.perupesquero.org\/web\/wp-content\/uploads\/2017\/08\/muelle-3.jpg 1300w, http:\/\/www.perupesquero.org\/web\/wp-content\/uploads\/2017\/08\/muelle-3-300x166.jpg 300w, http:\/\/www.perupesquero.org\/web\/wp-content\/uploads\/2017\/08\/muelle-3-768x424.jpg 768w, http:\/\/www.perupesquero.org\/web\/wp-content\/uploads\/2017\/08\/muelle-3-1024x566.jpg 1024w\" sizes=\"auto, (max-width: 1300px) 100vw, 1300px\" \/>\r\n                                <\/a>\r\n                            <\/div>\r\n                            <div class=\"info-slider\">\r\n                                \r\n                            <\/div>\r\n                        <\/div><div class=\"item\">\r\n                            <div class=\"thumb-slider\">\r\n                                <a href=\"\" class=\"link-thumb-slider\">\r\n                                    <img loading=\"lazy\" decoding=\"async\" width=\"1300\" height=\"718\" src=\"http:\/\/www.perupesquero.org\/web\/wp-content\/uploads\/2017\/08\/muelle-5.jpg\" class=\"attachment-full size-full\" alt=\"\" srcset=\"http:\/\/www.perupesquero.org\/web\/wp-content\/uploads\/2017\/08\/muelle-5.jpg 1300w, http:\/\/www.perupesquero.org\/web\/wp-content\/uploads\/2017\/08\/muelle-5-300x166.jpg 300w, http:\/\/www.perupesquero.org\/web\/wp-content\/uploads\/2017\/08\/muelle-5-768x424.jpg 768w, http:\/\/www.perupesquero.org\/web\/wp-content\/uploads\/2017\/08\/muelle-5-1024x566.jpg 1024w\" sizes=\"auto, (max-width: 1300px) 100vw, 1300px\" \/>\r\n                                <\/a>\r\n                            <\/div>\r\n                            <div class=\"info-slider\">\r\n                                \r\n                            <\/div>\r\n                        <\/div><\/div><\/div>[\/vc_column][\/vc_row][vc_row][vc_column][vc_column_text]<\/p>\n<h1><span style=\"color: #800000;\"><b><span lang=\"ES-PE\">DPA Acapulco<\/span><\/b><\/span><\/h1>\n<h4 style=\"text-align: justify;\">Este desembarcadero cuya infraestructura general es realmente ca\u00f3tica y hasta ruinosa, esto a pesar de realizarse descargas d\u00eda y noche, no cuenta con el sistema el\u00e9ctrico desde muchos hace meses atr\u00e1s, ya que se habr\u00eda malogrado el trasmisor y que irresponsablemente a la fecha no ha sido reparado. Cuenta adem\u00e1s con un muelle con una secci\u00f3n reparada por que se \u201cdesplom\u00f3\u201d como si lo hubiera construido \u201cRata\u00f1eda\u201d.<\/h4>\n<p>[\/vc_column_text]<div class=\"wrap-slider default\"><div class=\"sv-slider \" data-item=\"1\" data-speed=\"\" data-itemres=\"\" data-animation=\"goDown\" data-nav=\"default\" data-auto_height=\"\"><div class=\"item\">\r\n                            <div class=\"thumb-slider\">\r\n                                <a href=\"\" class=\"link-thumb-slider\">\r\n                                    <img loading=\"lazy\" decoding=\"async\" width=\"1280\" height=\"718\" src=\"http:\/\/www.perupesquero.org\/web\/wp-content\/uploads\/2017\/08\/acapulco-1.jpg\" class=\"attachment-full size-full\" alt=\"\" srcset=\"http:\/\/www.perupesquero.org\/web\/wp-content\/uploads\/2017\/08\/acapulco-1.jpg 1280w, http:\/\/www.perupesquero.org\/web\/wp-content\/uploads\/2017\/08\/acapulco-1-300x168.jpg 300w, http:\/\/www.perupesquero.org\/web\/wp-content\/uploads\/2017\/08\/acapulco-1-768x431.jpg 768w, http:\/\/www.perupesquero.org\/web\/wp-content\/uploads\/2017\/08\/acapulco-1-1024x574.jpg 1024w\" sizes=\"auto, (max-width: 1280px) 100vw, 1280px\" \/>\r\n                                <\/a>\r\n                            <\/div>\r\n                            <div class=\"info-slider\">\r\n                                \r\n                            <\/div>\r\n                        <\/div><div class=\"item\">\r\n                                    <div class=\"event-banner-thumb\">\r\n                                        <a href=\"\"><img loading=\"lazy\" decoding=\"async\" width=\"1280\" height=\"718\" src=\"http:\/\/www.perupesquero.org\/web\/wp-content\/uploads\/2017\/08\/acapulco-2.jpg\" class=\"attachment-full size-full\" alt=\"\" srcset=\"http:\/\/www.perupesquero.org\/web\/wp-content\/uploads\/2017\/08\/acapulco-2.jpg 1280w, http:\/\/www.perupesquero.org\/web\/wp-content\/uploads\/2017\/08\/acapulco-2-300x168.jpg 300w, http:\/\/www.perupesquero.org\/web\/wp-content\/uploads\/2017\/08\/acapulco-2-768x431.jpg 768w, http:\/\/www.perupesquero.org\/web\/wp-content\/uploads\/2017\/08\/acapulco-2-1024x574.jpg 1024w\" sizes=\"auto, (max-width: 1280px) 100vw, 1280px\" \/><\/a>\r\n                                    <\/div>\r\n                                    <div class=\"event-banner-info\">\r\n                                        \r\n                                    <\/div>\r\n                                <\/div><div class=\"item\">\r\n                                    <div class=\"event-banner-thumb\">\r\n                                        <a href=\"\"><img loading=\"lazy\" decoding=\"async\" width=\"1280\" height=\"718\" src=\"http:\/\/www.perupesquero.org\/web\/wp-content\/uploads\/2017\/08\/acapulco-3.jpg\" class=\"attachment-full size-full\" alt=\"\" srcset=\"http:\/\/www.perupesquero.org\/web\/wp-content\/uploads\/2017\/08\/acapulco-3.jpg 1280w, http:\/\/www.perupesquero.org\/web\/wp-content\/uploads\/2017\/08\/acapulco-3-300x168.jpg 300w, http:\/\/www.perupesquero.org\/web\/wp-content\/uploads\/2017\/08\/acapulco-3-768x431.jpg 768w, http:\/\/www.perupesquero.org\/web\/wp-content\/uploads\/2017\/08\/acapulco-3-1024x574.jpg 1024w\" sizes=\"auto, (max-width: 1280px) 100vw, 1280px\" \/><\/a>\r\n                                    <\/div>\r\n                                    <div class=\"event-banner-info\">\r\n                                        \r\n                                    <\/div>\r\n                                <\/div><\/div><\/div>[\/vc_column][\/vc_row][vc_row][vc_column][vc_column_text]<\/p>\n<h3 style=\"text-align: center;\"><span style=\"color: #800000;\">Viceministro de Pesca y Acuicultura, Hector Soldi; Ministro de la Producci\u00f3n, Pedro Oleachea y Jefa de FONDEPES,\u00a0<span lang=\"ES-PE\">Mar\u00eda Isabel Castro Silvestre.<\/span><\/span><\/h3>\n<p>[\/vc_column_text][vc_single_image image=&#8221;13929&#8243; img_size=&#8221;full&#8221; alignment=&#8221;center&#8221; style=&#8221;vc_box_rounded&#8221; onclick=&#8221;link_image&#8221;][\/vc_column][\/vc_row][vc_row][vc_column][vc_column_text]<\/p>\n<h1><span style=\"color: #800000;\"><b><span lang=\"ES-PE\">DPA Zorrito<\/span><\/b><\/span><\/h1>\n<h4 style=\"text-align: justify;\">No existe infraestructura adecuada para desembarque de capturas pesqueras. Otro \u201cgran dise\u00f1o\u201d de FONDEPES que termin\u00f3 tan arenado que ahora su muelle m\u00e1s parece una plaza lejos de la orilla del Mar.<\/h4>\n<p>[\/vc_column_text][\/vc_column][\/vc_row][vc_row][vc_column][vc_column_text]<\/p>\n<h1><span style=\"color: #800000;\"><b><span lang=\"ES-PE\">Caleta La Cruz<\/span><\/b><\/span><\/h1>\n<h4 style=\"text-align: justify;\">Lugar donde existe un importante muelle que en el pasado perteneci\u00f3 a una empresa pesquera y ahora es manejado por la Marina de Guerra. El muelle es utilizado por una empresa petrolera, originando que ning\u00fan artesanal pueda desembarcar sus capturas, por lo que deben hacerlo en forma antihigi\u00e9nica por la playa, poniendo no solo en grave peligro la preservaci\u00f3n de los recursos pesqueros sino tambi\u00e9n el bienestar de los pescadores y consumidores. \u00bfQu\u00e9 fue del proyecto del DPA que debi\u00f3 hacer FONDEPES?.<\/h4>\n<p>[\/vc_column_text]<div class=\"wrap-slider home-paginav\"><div class=\"sv-slider \" data-item=\"1\" data-speed=\"3500\" data-itemres=\"\" data-animation=\"\" data-nav=\"home-paginav\" data-auto_height=\"\"><div class=\"item\">\r\n                                    <div class=\"event-banner-thumb\">\r\n                                        <a href=\"\"><img loading=\"lazy\" decoding=\"async\" width=\"1280\" height=\"718\" src=\"http:\/\/www.perupesquero.org\/web\/wp-content\/uploads\/2017\/08\/caleta-cruz.jpg\" class=\"attachment-full size-full\" alt=\"\" srcset=\"http:\/\/www.perupesquero.org\/web\/wp-content\/uploads\/2017\/08\/caleta-cruz.jpg 1280w, http:\/\/www.perupesquero.org\/web\/wp-content\/uploads\/2017\/08\/caleta-cruz-300x168.jpg 300w, http:\/\/www.perupesquero.org\/web\/wp-content\/uploads\/2017\/08\/caleta-cruz-768x431.jpg 768w, http:\/\/www.perupesquero.org\/web\/wp-content\/uploads\/2017\/08\/caleta-cruz-1024x574.jpg 1024w\" sizes=\"auto, (max-width: 1280px) 100vw, 1280px\" \/><\/a>\r\n                                    <\/div>\r\n                                    <div class=\"event-banner-info\">\r\n                                        \r\n                                    <\/div>\r\n                                <\/div><div class=\"item\">\r\n                                    <div class=\"event-banner-thumb\">\r\n                                        <a href=\"\"><img loading=\"lazy\" decoding=\"async\" width=\"1280\" height=\"718\" src=\"http:\/\/www.perupesquero.org\/web\/wp-content\/uploads\/2017\/08\/caleta-cruz-2.jpg\" class=\"attachment-full size-full\" alt=\"\" srcset=\"http:\/\/www.perupesquero.org\/web\/wp-content\/uploads\/2017\/08\/caleta-cruz-2.jpg 1280w, http:\/\/www.perupesquero.org\/web\/wp-content\/uploads\/2017\/08\/caleta-cruz-2-300x168.jpg 300w, http:\/\/www.perupesquero.org\/web\/wp-content\/uploads\/2017\/08\/caleta-cruz-2-768x431.jpg 768w, http:\/\/www.perupesquero.org\/web\/wp-content\/uploads\/2017\/08\/caleta-cruz-2-1024x574.jpg 1024w\" sizes=\"auto, (max-width: 1280px) 100vw, 1280px\" \/><\/a>\r\n                                    <\/div>\r\n                                    <div class=\"event-banner-info\">\r\n                                        \r\n                                    <\/div>\r\n                                <\/div><div class=\"item\">\r\n                                    <div class=\"event-banner-thumb\">\r\n                                        <a href=\"\"><img loading=\"lazy\" decoding=\"async\" width=\"1280\" height=\"718\" src=\"http:\/\/www.perupesquero.org\/web\/wp-content\/uploads\/2017\/08\/caleta-cruz-3.jpg\" class=\"attachment-full size-full\" alt=\"\" srcset=\"http:\/\/www.perupesquero.org\/web\/wp-content\/uploads\/2017\/08\/caleta-cruz-3.jpg 1280w, http:\/\/www.perupesquero.org\/web\/wp-content\/uploads\/2017\/08\/caleta-cruz-3-300x168.jpg 300w, http:\/\/www.perupesquero.org\/web\/wp-content\/uploads\/2017\/08\/caleta-cruz-3-768x431.jpg 768w, http:\/\/www.perupesquero.org\/web\/wp-content\/uploads\/2017\/08\/caleta-cruz-3-1024x574.jpg 1024w\" sizes=\"auto, (max-width: 1280px) 100vw, 1280px\" \/><\/a>\r\n                                    <\/div>\r\n                                    <div class=\"event-banner-info\">\r\n                                        \r\n                                    <\/div>\r\n                                <\/div><\/div><\/div>[\/vc_column][\/vc_row][vc_row][vc_column][vc_column_text]<\/p>\n<h4 class=\"m_363363683972857437MsoNoSpacing\" style=\"text-align: justify;\"><span lang=\"ES-PE\"><br \/>\nCabr\u00eda preguntar \u00bfcu\u00e1nto se us\u00f3 de los 250 millones de nuevos soles, proyectados para modernizar los 20 DPA?.<u><\/u><u><\/u><\/span><\/h4>\n<h4 class=\"m_363363683972857437MsoNoSpacing\" style=\"text-align: justify;\"><span lang=\"ES-PE\">\u00bfCu\u00e1ntos de los DPAs modernizados de acuerdo a la norma sanitaria est\u00e1n habilitados?.. Ninguno!!!<u><\/u><u><\/u><\/span><\/h4>\n<h4 class=\"m_363363683972857437MsoNoSpacing\" style=\"text-align: justify;\"><span lang=\"ES-PE\">\u00bfCu\u00e1ntos est\u00e1n en uso, al menos Bah\u00eda Blanca y Chim\u00fas no sirven ni para desembarcar a los ineptos de FONDEPES que lo hicieron, que dicho sea de paso llevan a\u00f1os enquistados en esa instituci\u00f3n como un c\u00e1ncer que enferma a gobierno tras gobierno. Ser\u00eda bueno que la Jefa del FONDEPES haga una limpieza exhaustiva de malos elementos si quiere llegar a hacer algo bien o seguir\u00e1 instalando equipos costosos que no se pueden utilizar por falta de electricidad y agua, haciendo adecuaciones a la norma sanitaria que no se pueden habilitar sanitariamente, m\u00e1s de lo mismo.<u><\/u><u><\/u><\/span><\/h4>\n<h4 class=\"m_363363683972857437MsoNoSpacing\" style=\"text-align: justify;\"><span lang=\"ES-PE\"><u><\/u>\u00a0<u><\/u><\/span><\/h4>\n<h4 class=\"m_363363683972857437MsoNoSpacing\" style=\"text-align: justify;\"><span lang=\"ES-PE\">El Ministro Olaechea debe explicar, \u00bfcu\u00e1les son los planes concretos para modernizar y habilitar sanitariamente estos puntos de desembarco, o seguir\u00e1 inaugurando elefantes blancos que nacen muertos?<u><\/u><u><\/u><\/span><\/h4>\n<h4 class=\"m_363363683972857437MsoNoSpacing\" style=\"text-align: justify;\"><span lang=\"ES-PE\">\u00bfEl \u201cviajero\u201d Vicealmirante ( r) H\u00e9ctor Soldi, actual Viceministro de Pesca y Acuicultura habr\u00e1 supervisado alguna vez estos desembarcaderos?<u><\/u><u><\/u><\/span><\/h4>\n<h4 class=\"m_363363683972857437MsoNoSpacing\" style=\"text-align: justify;\"><span lang=\"ES-PE\">\u00bfLa Jefa del FONDEPES,\u00a0<\/span><span lang=\"ES-PE\">Mar\u00eda Isabel Castro Silvestre, que tiene m\u00e1s de un a\u00f1o en el cargo resolver\u00e1 en el corto plazo, la problem\u00e1tica de los muelles, seguir\u00e1 manteniendo a los malos profesionales que han llevado al desastre a los DPAs gobierno tras gobierno?.<u><\/u><u><\/u><\/span><\/h4>\n<h4 class=\"m_363363683972857437MsoNoSpacing\" style=\"text-align: justify;\"><span lang=\"ES-PE\">\u00bfEl cuestionado Director Ejecutivo de SANIPES, Ernesto Bustamante podr\u00e1 ayudar a resolver este grave problema o volver\u00e1 a decir \u201ctontudeses\u201d como lo hizo con las producciones de conchas de abanico en Sechura?.<u><\/u><u><\/u><\/span><\/h4>\n<h4 class=\"m_363363683972857437MsoNoSpacing\" style=\"text-align: justify;\"><span lang=\"ES-PE\"><u><\/u>\u00a0<u><\/u><\/span><\/h4>\n<h4 class=\"m_363363683972857437MsoNoSpacing\" style=\"text-align: justify;\"><span lang=\"ES-PE\">Lo cierto es que el Ministro Pedro Olaechea de inmediato debe tomar cartas en el asunto, ya que no solo est\u00e1 en juego el dinero de todos los peruanos sino tambi\u00e9n convertir a estos desembarcaderos en empresas que puedan sostenerse con sus ingresos y desarrollar su infraestructura para el ben\u00e9fico de la actividad artesanal.<\/span><\/h4>\n<p>[\/vc_column_text][\/vc_column][\/vc_row]<\/p>\n","protected":false},"excerpt":{"rendered":"<p>[vc_row full_width=&#8221;stretch_row&#8221; content_placement=&#8221;top&#8221; css=&#8221;.vc_custom_1502244332332{margin-top: 0px !important;margin-right: 0px !important;margin-bottom: 0px !important;margin-left: 0px !important;border-top-width: 0px !important;border-right-width: 0px !important;border-bottom-width: 0px !important;border-left-width: 0px !important;padding-top: 0px !important;padding-right: 0px !important;padding-bottom: 0px !important;padding-left: 0px !important;border-left-style: none !important;border-right-style: none !important;border-top-style: none !important;border-bottom-style: none !important;}&#8221;][vc_column css=&#8221;.vc_custom_1502244833737{margin-top: 0px !important;margin-right: 0px !important;margin-bottom: 0px !important;margin-left: 0px !important;border-top-width: 0px !important;border-right-width: 0px !important;border-bottom-width: 0px !important;border-left-width: 0px !important;padding-top: 0px !important;padding-right: [&hellip;]<\/p>\n","protected":false},"author":1,"featured_media":0,"parent":0,"menu_order":0,"comment_status":"closed","ping_status":"closed","template":"visual-temlpate.php","meta":{"footnotes":""},"class_list":["post-13874","page","type-page","status-publish","hentry"],"_links":{"self":[{"href":"http:\/\/www.perupesquero.org\/web\/wp-json\/wp\/v2\/pages\/13874","targetHints":{"allow":["GET"]}}],"collection":[{"href":"http:\/\/www.perupesquero.org\/web\/wp-json\/wp\/v2\/pages"}],"about":[{"href":"http:\/\/www.perupesquero.org\/web\/wp-json\/wp\/v2\/types\/page"}],"author":[{"embeddable":true,"href":"http:\/\/www.perupesquero.org\/web\/wp-json\/wp\/v2\/users\/1"}],"replies":[{"embeddable":true,"href":"http:\/\/www.perupesquero.org\/web\/wp-json\/wp\/v2\/comments?post=13874"}],"version-history":[{"count":19,"href":"http:\/\/www.perupesquero.org\/web\/wp-json\/wp\/v2\/pages\/13874\/revisions"}],"predecessor-version":[{"id":13999,"href":"http:\/\/www.perupesquero.org\/web\/wp-json\/wp\/v2\/pages\/13874\/revisions\/13999"}],"wp:attachment":[{"href":"http:\/\/www.perupesquero.org\/web\/wp-json\/wp\/v2\/media?parent=13874"}],"curies":[{"name":"wp","href":"https:\/\/api.w.org\/{rel}","templated":true}]}}