{"id":10,"date":"2016-01-19T08:42:20","date_gmt":"2016-01-19T08:42:20","guid":{"rendered":"http:\/\/www.perupesquero.org\/web\/?page_id=10"},"modified":"2026-04-06T21:52:43","modified_gmt":"2026-04-07T02:52:43","slug":"home","status":"publish","type":"page","link":"http:\/\/www.perupesquero.org\/web\/","title":{"rendered":"Inicio"},"content":{"rendered":"<p>[vc_row][vc_column][vc_column_text]<\/p>\r\n<p>[\/vc_column_text][\/vc_column][\/vc_row][vc_row full_width=&#8221;stretch_row&#8221; css=&#8221;.vc_custom_1478584042447{margin-top: 10px !important;background-color: #f1f1f1 !important;}&#8221;][vc_column css=&#8221;.vc_custom_1478583717969{background-color: #eaeaea !important;}&#8221;]<div class=\"wrap-slider home-paginav\"><div class=\"sv-slider \" data-item=\"1\" data-speed=\"30000\" data-itemres=\"\" data-animation=\"\" data-nav=\"home-paginav\" data-auto_height=\"\"><div class=\"item\">\r\n                            <div class=\"thumb-slider\">\r\n                                <a href=\"https:\/\/www.perupesquero.org\/web\/cesar-manuel-quispe-lujan-es-ratificado-como-ministro-de-la-produccion\/\" class=\"link-thumb-slider\">\r\n                                    <img loading=\"lazy\" decoding=\"async\" width=\"700\" height=\"393\" src=\"http:\/\/www.perupesquero.org\/web\/wp-content\/uploads\/2026\/03\/WhatsApp-Image-2026-03-17-at-6.25.35-PM.jpeg\" class=\"attachment-full size-full\" alt=\"\" srcset=\"http:\/\/www.perupesquero.org\/web\/wp-content\/uploads\/2026\/03\/WhatsApp-Image-2026-03-17-at-6.25.35-PM.jpeg 700w, http:\/\/www.perupesquero.org\/web\/wp-content\/uploads\/2026\/03\/WhatsApp-Image-2026-03-17-at-6.25.35-PM-300x168.jpeg 300w, http:\/\/www.perupesquero.org\/web\/wp-content\/uploads\/2026\/03\/WhatsApp-Image-2026-03-17-at-6.25.35-PM-600x337.jpeg 600w\" sizes=\"auto, (max-width: 700px) 100vw, 700px\" \/>\r\n                                <\/a>\r\n                            <\/div>\r\n                            <div class=\"info-slider\">\r\n                                <h3><span class=\"banner-text1\">C\u00e9sar Manuel Quispe Luj\u00e1n es ratificado como ministro de la Producci\u00f3n<\/span><\/h3>\n<h2>PeruPesquero<\/h2>\n<p>El presidente de la Rep\u00fablica, Jos\u00e9 Mar\u00eda Balc\u00e1zar, ratific\u00f3 a C\u00e9sar Manuel Quispe Luj\u00e1n como ministro de la Producci\u00f3n durante una ceremonia oficial realizada en Palacio de Gobierno&#8230;<br \/><a class=\"link-live-view\" href=\"https:\/\/www.perupesquero.org\/web\/cesar-manuel-quispe-lujan-es-ratificado-como-ministro-de-la-produccion\/\"><span class=\"lnr lnr-camera-video\"><span class=\"hidden\">icon<\/span><\/span>Ver Noticia<\/a><\/p>\n\r\n                            <\/div>\r\n                        <\/div>[vc_column_text]<iframe loading=\"lazy\" src=\"https:\/\/www.youtube.com\/embed\/oaWNDNs9eBI\" width=\"100%\" height=\"700\" frameborder=\"0\" allowfullscreen=\"allowfullscreen\"><\/iframe>[\/vc_column_text][vc_column_text]<iframe loading=\"lazy\" src=\"https:\/\/www.youtube.com\/embed\/ralAe2mLdlM\" width=\"100%\" height=\"700\" frameborder=\"0\" allowfullscreen=\"allowfullscreen\"><\/iframe>[\/vc_column_text]<div class=\"item\">\r\n                            <div class=\"thumb-slider\">\r\n                                <a href=\"http:\/\/www.perupesquero.org\/web\/despues-de-casi-20-anos-sardina-es-capturada-en-samanco\/\" class=\"link-thumb-slider\">\r\n                                    <img loading=\"lazy\" decoding=\"async\" width=\"954\" height=\"570\" src=\"http:\/\/www.perupesquero.org\/web\/wp-content\/uploads\/2016\/01\/sardina-portada1.jpg\" class=\"attachment-full size-full\" alt=\"\" srcset=\"http:\/\/www.perupesquero.org\/web\/wp-content\/uploads\/2016\/01\/sardina-portada1.jpg 954w, http:\/\/www.perupesquero.org\/web\/wp-content\/uploads\/2016\/01\/sardina-portada1-300x179.jpg 300w, http:\/\/www.perupesquero.org\/web\/wp-content\/uploads\/2016\/01\/sardina-portada1-768x459.jpg 768w\" sizes=\"auto, (max-width: 954px) 100vw, 954px\" \/>\r\n                                <\/a>\r\n                            <\/div>\r\n                            <div class=\"info-slider\">\r\n                                <h3><span class=\"banner-text1\">Despu\u00e9s de casi 20 a\u00f1os. Sardina es capturada en Samanco <\/span><\/h3>\n<h2>PeruPesquero<\/h2>\n<p>Si bien es cierto la incidencia de un evento El Ni\u00f1o, puede ser un elemento generador de grandes cambios en las condiciones oceanogr\u00e1ficas del Mar Peruano y de otros mares, este produce un impacto en los diferentes recursos marinos&#8230; <a class=\"link-live-view\" href=\"http:\/\/www.perupesquero.org\/web\/despues-de-casi-20-anos-sardina-es-capturada-en-samanco\/\"><span class=\"lnr lnr-camera-video\"><span class=\"hidden\">icon<\/span><\/span>Ver Noticia<\/a><\/p>\n\r\n                            <\/div>\r\n                        <\/div><div class=\"item\">\r\n                            <div class=\"thumb-slider\">\r\n                                <a href=\"http:\/\/www.perupesquero.org\/web\/humberto-speziani-industria-de-harina-de-pescado-necesita-redefinir-su-enfoque\/\" class=\"link-thumb-slider\">\r\n                                    <img loading=\"lazy\" decoding=\"async\" width=\"1246\" height=\"678\" src=\"http:\/\/www.perupesquero.org\/web\/wp-content\/uploads\/2016\/01\/Speziani2.jpg\" class=\"attachment-full size-full\" alt=\"\" srcset=\"http:\/\/www.perupesquero.org\/web\/wp-content\/uploads\/2016\/01\/Speziani2.jpg 1246w, http:\/\/www.perupesquero.org\/web\/wp-content\/uploads\/2016\/01\/Speziani2-300x163.jpg 300w, http:\/\/www.perupesquero.org\/web\/wp-content\/uploads\/2016\/01\/Speziani2-768x418.jpg 768w, http:\/\/www.perupesquero.org\/web\/wp-content\/uploads\/2016\/01\/Speziani2-1024x557.jpg 1024w\" sizes=\"auto, (max-width: 1246px) 100vw, 1246px\" \/>\r\n                                <\/a>\r\n                            <\/div>\r\n                            <div class=\"info-slider\">\r\n                                <h3><span class=\"banner-text1\">Humberto Speziani: \u201cIndustria de harina de pescado necesita redefinir su enfoque\u201d <\/span><\/h3>\n<h2>PeruPesquero<\/h2>\n<p>Los procesadores de harina de pescado de Anchoveta de Per\u00fa no pueden alimentar al mundo y deben centrarse en proporcionar un producto proteico de primera calidad, dijo Humberto Speziani, Director de Tecnolog\u00eda de Alimentos, TASA. <a class=\"link-live-view\" href=\"http:\/\/www.perupesquero.org\/web\/humberto-speziani-industria-de-harina-de-pescado-necesita-redefinir-su-enfoque\/\"><span class=\"lnr lnr-camera-video\"><span class=\"hidden\">icon<\/span><\/span>Ver Noticia<\/a><\/p>\n\r\n                            <\/div>\r\n                        <\/div><div class=\"item\">\r\n                            <div class=\"thumb-slider\">\r\n                                <a href=\"http:\/\/www.perupesquero.org\/web\/fenomeno-la-nina-no-solo-favoreceria-anchoveta-ademas-afloramientos-al-atun\/\" class=\"link-thumb-slider\">\r\n                                    <img loading=\"lazy\" decoding=\"async\" width=\"1246\" height=\"678\" src=\"http:\/\/www.perupesquero.org\/web\/wp-content\/uploads\/2016\/01\/descarte.jpg\" class=\"attachment-full size-full\" alt=\"\" srcset=\"http:\/\/www.perupesquero.org\/web\/wp-content\/uploads\/2016\/01\/descarte.jpg 1246w, http:\/\/www.perupesquero.org\/web\/wp-content\/uploads\/2016\/01\/descarte-300x163.jpg 300w, http:\/\/www.perupesquero.org\/web\/wp-content\/uploads\/2016\/01\/descarte-768x418.jpg 768w, http:\/\/www.perupesquero.org\/web\/wp-content\/uploads\/2016\/01\/descarte-1024x557.jpg 1024w\" sizes=\"auto, (max-width: 1246px) 100vw, 1246px\" \/>\r\n                                <\/a>\r\n                            <\/div>\r\n                            <div class=\"info-slider\">\r\n                                <h3><span class=\"banner-text1\">Fen\u00f3meno La Ni\u00f1a no solo favorecer\u00eda Anchoveta adem\u00e1s afloramientos al At\u00fan <\/span><\/h3>\n<h2>PeruPesquero<\/h2>\n<p>Todo hace indicar que Oceana Per\u00fa, perdi\u00f3 la br\u00fajula en temas de investigaci\u00f3n sobre el recurso Anchoveta, y es que, sus \u201cteor\u00edas\u201d no solo han ca\u00eddo en saco roto sino que terminaron reducidas en meras suposiciones ya que no cuentan con estudios cient\u00edficos que los respalde.. <a class=\"link-live-view\" href=\"http:\/\/www.perupesquero.org\/web\/fenomeno-la-nina-no-solo-favoreceria-anchoveta-ademas-afloramientos-al-atun\/\"><span class=\"lnr lnr-camera-video\"><span class=\"hidden\">icon<\/span><\/span>Ver Noticia<\/a><\/p>\n\r\n                            <\/div>\r\n                        <\/div><\/div><\/div>[\/vc_column][\/vc_row][vc_row][vc_column][vc_column_text]<\/p>\n\r\n\r\n<p>[\/vc_column_text][\/vc_column][\/vc_row][vc_row css=&#8221;.vc_custom_1453256460729{background-position: center !important;background-repeat: no-repeat !important;background-size: cover !important;}&#8221;][vc_column css=&#8221;.vc_custom_1477238237523{padding-top: 20px !important;padding-bottom: 30px !important;background-color: #ffffff !important;background-position: center !important;background-repeat: no-repeat !important;background-size: cover !important;}&#8221;][vc_column_text css=&#8221;.vc_custom_1477935446132{margin-bottom: 25px !important;}&#8221;]<\/p>\n<h2 class=\"title home-title\">\u00daLTIMAS NOTICIAS<\/h2>\n<p>[\/vc_column_text]<div class=\"home-direct-nav normal\">\r\n                                <div class=\"row\"><div class=\"sv-slider\" data-item=\"3\" data-speed=\"\" data-itemres=\"\" data-animation=\"\" data-nav=\"home-direct-nav\"><div class=\"item-slider\">\r\n                                <div class=\"item-top-post post-item\">\r\n                                    <div class=\"post-thumb\">\r\n                                        <a href=\"http:\/\/www.perupesquero.org\/web\/armadores-y-pescadores-de-la-ley-26920-piden-suspender-pesca-de-anchoveta-temporalmente-y-fijar-un-precio-justo-por-tonelada-de-pesca\/\">\r\n                                            <img loading=\"lazy\" decoding=\"async\" width=\"360\" height=\"216\" src=\"http:\/\/www.perupesquero.org\/web\/wp-content\/uploads\/2022\/06\/anchovetita-360x216.jpg\" class=\"attachment-360x216 size-360x216 wp-post-image\" alt=\"\" \/>\r\n                                            <p class=\"comment-count\"><span class=\"lnr lnr-bubble\"><\/span> 0 Comentario<\/p>\r\n                                        <\/a>\r\n                                    <\/div>\r\n                                    <div class=\"post-info fix-height\">\r\n                                        <div class=\"post-format\">\r\n                                            <a href=\"http:\/\/www.perupesquero.org\/web\/category\/noticias\/\"> Noticias<\/a>\r\n                                        <\/div>\r\n                                        <h3 class=\"post-title\"><a href=\"http:\/\/www.perupesquero.org\/web\/armadores-y-pescadores-de-la-ley-26920-piden-suspender-pesca-de-anchoveta-temporalmente-y-fijar-un-precio-justo-por-tonelada-de-pesca\/\">Armadores y pescadores de la Ley 26920 piden suspender pesca de anchoveta temporalmente y fijar un precio justo por tonelada de pesca<\/a><\/h3>\r\n                                        <p class=\"desc\">Los armadores y pescadores de la flota industrial de madera de la Ley 26920, que concentra el 20 % de la cuota global de pesca de anchoveta, solicitaron al Ministerio de la Producci\u00f3n (Produce) la suspensi\u00f3n temporal de las actividades extractivas en el litoral norte-centro hasta el 15 de mayo, como medida para proteger la [&hellip;]<\/p>\r\n                                        <a class=\"btn-view-all hide-icon\" href=\"http:\/\/www.perupesquero.org\/web\/armadores-y-pescadores-de-la-ley-26920-piden-suspender-pesca-de-anchoveta-temporalmente-y-fijar-un-precio-justo-por-tonelada-de-pesca\/\"><span class=\"view-all-text\" data-hover=\"Leer M\u00e1s\">Leer M\u00e1s<\/span> <\/a>\r\n                                    <\/div>\r\n                                <\/div>\r\n                            <\/div><div class=\"item-slider\">\r\n                                <div class=\"item-top-post post-item\">\r\n                                    <div class=\"post-thumb\">\r\n                                        <a href=\"http:\/\/www.perupesquero.org\/web\/tres-anos-despues-pescadores-del-sur-y-centro-acusan-que-la-ley-31749-sigue-sin-implementarse\/\">\r\n                                            <img loading=\"lazy\" decoding=\"async\" width=\"360\" height=\"216\" src=\"http:\/\/www.perupesquero.org\/web\/wp-content\/uploads\/2023\/06\/Pescadores-artesanales-de-Huanchaco4156-360x216.jpeg\" class=\"attachment-360x216 size-360x216 wp-post-image\" alt=\"\" \/>\r\n                                            <p class=\"comment-count\"><span class=\"lnr lnr-bubble\"><\/span> 0 Comentario<\/p>\r\n                                        <\/a>\r\n                                    <\/div>\r\n                                    <div class=\"post-info fix-height\">\r\n                                        <div class=\"post-format\">\r\n                                            <a href=\"http:\/\/www.perupesquero.org\/web\/category\/noticias\/\"> Noticias<\/a>\r\n                                        <\/div>\r\n                                        <h3 class=\"post-title\"><a href=\"http:\/\/www.perupesquero.org\/web\/tres-anos-despues-pescadores-del-sur-y-centro-acusan-que-la-ley-31749-sigue-sin-implementarse\/\">Tres a\u00f1os despu\u00e9s, pescadores del sur y centro acusan que la Ley 31749 sigue sin implementarse<\/a><\/h3>\r\n                                        <p class=\"desc\">Representantes de pescadores artesanales de la Macrosur denunciaron que, a tres a\u00f1os de su aprobaci\u00f3n, la Ley 31749 -orientada al ordenamiento de la actividad pesquera en las primeras cinco millas marinas- a\u00fan no ha sido implementada en su totalidad, lo que, seg\u00fan afirman, viene afectando directamente su actividad y la sostenibilidad de los recursos. A [&hellip;]<\/p>\r\n                                        <a class=\"btn-view-all hide-icon\" href=\"http:\/\/www.perupesquero.org\/web\/tres-anos-despues-pescadores-del-sur-y-centro-acusan-que-la-ley-31749-sigue-sin-implementarse\/\"><span class=\"view-all-text\" data-hover=\"Leer M\u00e1s\">Leer M\u00e1s<\/span> <\/a>\r\n                                    <\/div>\r\n                                <\/div>\r\n                            <\/div><div class=\"item-slider\">\r\n                                <div class=\"item-top-post post-item\">\r\n                                    <div class=\"post-thumb\">\r\n                                        <a href=\"http:\/\/www.perupesquero.org\/web\/enfen-es-prematuro-afirmar-la-ocurrencia-de-un-super-nino-o-el-nino-fuerte\/\">\r\n                                            <img loading=\"lazy\" decoding=\"async\" width=\"360\" height=\"216\" src=\"http:\/\/www.perupesquero.org\/web\/wp-content\/uploads\/2026\/04\/WhatsApp-Image-2026-04-28-at-5.13.23-PM-360x216.jpeg\" class=\"attachment-360x216 size-360x216 wp-post-image\" alt=\"\" \/>\r\n                                            <p class=\"comment-count\"><span class=\"lnr lnr-bubble\"><\/span> 0 Comentario<\/p>\r\n                                        <\/a>\r\n                                    <\/div>\r\n                                    <div class=\"post-info fix-height\">\r\n                                        <div class=\"post-format\">\r\n                                            <a href=\"http:\/\/www.perupesquero.org\/web\/category\/noticias\/\"> Noticias<\/a>\r\n                                        <\/div>\r\n                                        <h3 class=\"post-title\"><a href=\"http:\/\/www.perupesquero.org\/web\/enfen-es-prematuro-afirmar-la-ocurrencia-de-un-super-nino-o-el-nino-fuerte\/\">ENFEN: Es prematuro afirmar la ocurrencia de un \u201cSuper Ni\u00f1o\u201d o El Ni\u00f1o fuerte<\/a><\/h3>\r\n                                        <p class=\"desc\">La Comisi\u00f3n Encargada del Estudio Nacional del Fen\u00f3meno El Ni\u00f1o (ENFEN) inform\u00f3 que, hasta el momento, no existen evidencias suficientes para confirmar la posible ocurrencia de un evento \u201cEl Ni\u00f1o\u201d de magnitud \u201cmuy fuerte\u201d o \u201cSuper Ni\u00f1o\u201d de alcance global. A trav\u00e9s de la nota de prensa N.\u00b0 01-2026, el ENFEN precis\u00f3 que, frente a [&hellip;]<\/p>\r\n                                        <a class=\"btn-view-all hide-icon\" href=\"http:\/\/www.perupesquero.org\/web\/enfen-es-prematuro-afirmar-la-ocurrencia-de-un-super-nino-o-el-nino-fuerte\/\"><span class=\"view-all-text\" data-hover=\"Leer M\u00e1s\">Leer M\u00e1s<\/span> <\/a>\r\n                                    <\/div>\r\n                                <\/div>\r\n                            <\/div><div class=\"item-slider\">\r\n                                <div class=\"item-top-post post-item\">\r\n                                    <div class=\"post-thumb\">\r\n                                        <a href=\"http:\/\/www.perupesquero.org\/web\/produce-inicia-curso-para-fortalecer-capacidades-en-administracion-de-infraestructuras-pesqueras-artesanales\/\">\r\n                                            <img loading=\"lazy\" decoding=\"async\" width=\"360\" height=\"216\" src=\"http:\/\/www.perupesquero.org\/web\/wp-content\/uploads\/2026\/04\/WhatsApp-Image-2026-04-28-at-12.40.02-PM-360x216.jpeg\" class=\"attachment-360x216 size-360x216 wp-post-image\" alt=\"\" \/>\r\n                                            <p class=\"comment-count\"><span class=\"lnr lnr-bubble\"><\/span> 0 Comentario<\/p>\r\n                                        <\/a>\r\n                                    <\/div>\r\n                                    <div class=\"post-info fix-height\">\r\n                                        <div class=\"post-format\">\r\n                                            <a href=\"http:\/\/www.perupesquero.org\/web\/category\/noticias\/\"> Noticias<\/a>\r\n                                        <\/div>\r\n                                        <h3 class=\"post-title\"><a href=\"http:\/\/www.perupesquero.org\/web\/produce-inicia-curso-para-fortalecer-capacidades-en-administracion-de-infraestructuras-pesqueras-artesanales\/\">Produce inicia curso para fortalecer capacidades en administraci\u00f3n de infraestructuras pesqueras artesanales<\/a><\/h3>\r\n                                        <p class=\"desc\">La actividad formativa se desarrollar\u00e1 del 27 de abril al 13 de mayo a trav\u00e9s de la plataforma Teams,\u00a0en el horario de 2:00 p. m. a 4:30 p. m. El ministro de la Producci\u00f3n, C\u00e9sar Quispe Luj\u00e1n, inaugur\u00f3 el curso virtual \u201cGesti\u00f3n y Mantenimiento de Infraestructuras Pesqueras Artesanales\u201d, que el Ministerio de la Producci\u00f3n (Produce), [&hellip;]<\/p>\r\n                                        <a class=\"btn-view-all hide-icon\" href=\"http:\/\/www.perupesquero.org\/web\/produce-inicia-curso-para-fortalecer-capacidades-en-administracion-de-infraestructuras-pesqueras-artesanales\/\"><span class=\"view-all-text\" data-hover=\"Leer M\u00e1s\">Leer M\u00e1s<\/span> <\/a>\r\n                                    <\/div>\r\n                                <\/div>\r\n                            <\/div><div class=\"item-slider\">\r\n                                <div class=\"item-top-post post-item\">\r\n                                    <div class=\"post-thumb\">\r\n                                        <a href=\"http:\/\/www.perupesquero.org\/web\/produce-defiende-modelo-de-gestion-para-la-anchoveta-en-medio-de-cuestionamientos-por-captura-de-juveniles\/\">\r\n                                            <img loading=\"lazy\" decoding=\"async\" width=\"360\" height=\"216\" src=\"http:\/\/www.perupesquero.org\/web\/wp-content\/uploads\/2026\/04\/WhatsApp-Image-2026-04-28-at-12.36.45-PM-360x216.jpeg\" class=\"attachment-360x216 size-360x216 wp-post-image\" alt=\"\" \/>\r\n                                            <p class=\"comment-count\"><span class=\"lnr lnr-bubble\"><\/span> 0 Comentario<\/p>\r\n                                        <\/a>\r\n                                    <\/div>\r\n                                    <div class=\"post-info fix-height\">\r\n                                        <div class=\"post-format\">\r\n                                            <a href=\"http:\/\/www.perupesquero.org\/web\/category\/noticias\/\"> Noticias<\/a>\r\n                                        <\/div>\r\n                                        <h3 class=\"post-title\"><a href=\"http:\/\/www.perupesquero.org\/web\/produce-defiende-modelo-de-gestion-para-la-anchoveta-en-medio-de-cuestionamientos-por-captura-de-juveniles\/\">Produce defiende modelo de gesti\u00f3n para la anchoveta en medio de cuestionamientos por captura de juveniles<\/a><\/h3>\r\n                                        <p class=\"desc\">En medio de cuestionamientos por la alta presencia de ejemplares juveniles en la actual temporada de pesca centro-norte 2026, el Ministerio de la Producci\u00f3n (Produce) defendi\u00f3 su modelo de gesti\u00f3n para la anchoveta, basado en monitoreo en tiempo real, evidencia cient\u00edfica y cierres preventivos focalizados. Produce, mediante nota de prensa, asegura que al 26 de [&hellip;]<\/p>\r\n                                        <a class=\"btn-view-all hide-icon\" href=\"http:\/\/www.perupesquero.org\/web\/produce-defiende-modelo-de-gestion-para-la-anchoveta-en-medio-de-cuestionamientos-por-captura-de-juveniles\/\"><span class=\"view-all-text\" data-hover=\"Leer M\u00e1s\">Leer M\u00e1s<\/span> <\/a>\r\n                                    <\/div>\r\n                                <\/div>\r\n                            <\/div><div class=\"item-slider\">\r\n                                <div class=\"item-top-post post-item\">\r\n                                    <div class=\"post-thumb\">\r\n                                        <a href=\"http:\/\/www.perupesquero.org\/web\/austral-group-registra-un-nivel-de-desempeno-por-encima-del-promedio-en-el-ssindex-2025\/\">\r\n                                            <img loading=\"lazy\" decoding=\"async\" width=\"360\" height=\"216\" src=\"http:\/\/www.perupesquero.org\/web\/wp-content\/uploads\/2026\/04\/WhatsApp-Image-2026-04-27-at-5.26.13-PM-360x216.jpeg\" class=\"attachment-360x216 size-360x216 wp-post-image\" alt=\"\" \/>\r\n                                            <p class=\"comment-count\"><span class=\"lnr lnr-bubble\"><\/span> 0 Comentario<\/p>\r\n                                        <\/a>\r\n                                    <\/div>\r\n                                    <div class=\"post-info fix-height\">\r\n                                        <div class=\"post-format\">\r\n                                            <a href=\"http:\/\/www.perupesquero.org\/web\/category\/noticias\/\"> Noticias<\/a>\r\n                                        <\/div>\r\n                                        <h3 class=\"post-title\"><a href=\"http:\/\/www.perupesquero.org\/web\/austral-group-registra-un-nivel-de-desempeno-por-encima-del-promedio-en-el-ssindex-2025\/\">Austral Group registra un nivel de desempe\u00f1o por encima del promedio en el SSIndex 2025<\/a><\/h3>\r\n                                        <p class=\"desc\">Este resultado evidencia una mayor confianza de los stakeholders en la gesti\u00f3n sostenible de la empresa pesquera. Consolidando su compromiso con la sostenibilidad, Austral Group alcanz\u00f3 un s\u00f3lido 83% de aprobaci\u00f3n en la \u00faltima edici\u00f3n del Stakeholders Sustainability Index (SSIndex 2025), lo que represent\u00f3 un incremento de 9 puntos por encima del promedio general del [&hellip;]<\/p>\r\n                                        <a class=\"btn-view-all hide-icon\" href=\"http:\/\/www.perupesquero.org\/web\/austral-group-registra-un-nivel-de-desempeno-por-encima-del-promedio-en-el-ssindex-2025\/\"><span class=\"view-all-text\" data-hover=\"Leer M\u00e1s\">Leer M\u00e1s<\/span> <\/a>\r\n                                    <\/div>\r\n                                <\/div>\r\n                            <\/div><div class=\"item-slider\">\r\n                                <div class=\"item-top-post post-item\">\r\n                                    <div class=\"post-thumb\">\r\n                                        <a href=\"http:\/\/www.perupesquero.org\/web\/piura-gobierno-impulsa-la-pesca-artesanal-sostenible-tras-reunion-con-pescadores-en-el-nuro\/\">\r\n                                            <img loading=\"lazy\" decoding=\"async\" width=\"360\" height=\"216\" src=\"http:\/\/www.perupesquero.org\/web\/wp-content\/uploads\/2026\/04\/WhatsApp-Image-2026-04-27-at-5.11.07-PM-360x216.jpeg\" class=\"attachment-360x216 size-360x216 wp-post-image\" alt=\"\" \/>\r\n                                            <p class=\"comment-count\"><span class=\"lnr lnr-bubble\"><\/span> 0 Comentario<\/p>\r\n                                        <\/a>\r\n                                    <\/div>\r\n                                    <div class=\"post-info fix-height\">\r\n                                        <div class=\"post-format\">\r\n                                            <a href=\"http:\/\/www.perupesquero.org\/web\/category\/noticias\/\"> Noticias<\/a>\r\n                                        <\/div>\r\n                                        <h3 class=\"post-title\"><a href=\"http:\/\/www.perupesquero.org\/web\/piura-gobierno-impulsa-la-pesca-artesanal-sostenible-tras-reunion-con-pescadores-en-el-nuro\/\">Piura: Gobierno impulsa la pesca artesanal sostenible tras reuni\u00f3n con pescadores en El \u00d1uro<\/a><\/h3>\r\n                                        <p class=\"desc\">Con el objetivo de fortalecer la pesca artesanal sostenible y atender las principales demandas del sector, el viceministro de Pesca y Acuicultura, Jes\u00fas Barrientos, lider\u00f3 una reuni\u00f3n de trabajo en la caleta El \u00d1uro, en la regi\u00f3n Piura. En el encuentro participaron m\u00e1s de 200 dirigentes y pescadores artesanales de las caletas de El \u00d1uro, [&hellip;]<\/p>\r\n                                        <a class=\"btn-view-all hide-icon\" href=\"http:\/\/www.perupesquero.org\/web\/piura-gobierno-impulsa-la-pesca-artesanal-sostenible-tras-reunion-con-pescadores-en-el-nuro\/\"><span class=\"view-all-text\" data-hover=\"Leer M\u00e1s\">Leer M\u00e1s<\/span> <\/a>\r\n                                    <\/div>\r\n                                <\/div>\r\n                            <\/div><div class=\"item-slider\">\r\n                                <div class=\"item-top-post post-item\">\r\n                                    <div class=\"post-thumb\">\r\n                                        <a href=\"http:\/\/www.perupesquero.org\/web\/david-vs-goliat-en-altamar-mas-de-mil-embarcaciones-artesanales-peruanas-podran-competir-con-la-poderosa-flota-china\/\">\r\n                                            <img loading=\"lazy\" decoding=\"async\" width=\"360\" height=\"216\" src=\"http:\/\/www.perupesquero.org\/web\/wp-content\/uploads\/2026\/04\/WhatsApp-Image-2026-04-27-at-11.58.02-AM-360x216.jpeg\" class=\"attachment-360x216 size-360x216 wp-post-image\" alt=\"\" \/>\r\n                                            <p class=\"comment-count\"><span class=\"lnr lnr-bubble\"><\/span> 0 Comentario<\/p>\r\n                                        <\/a>\r\n                                    <\/div>\r\n                                    <div class=\"post-info fix-height\">\r\n                                        <div class=\"post-format\">\r\n                                            <a href=\"http:\/\/www.perupesquero.org\/web\/category\/noticias\/\"> Noticias<\/a>\r\n                                        <\/div>\r\n                                        <h3 class=\"post-title\"><a href=\"http:\/\/www.perupesquero.org\/web\/david-vs-goliat-en-altamar-mas-de-mil-embarcaciones-artesanales-peruanas-podran-competir-con-la-poderosa-flota-china\/\">David vs Goliat en altamar: M\u00e1s de mil embarcaciones artesanales peruanas podr\u00e1n competir con la poderosa flota china<\/a><\/h3>\r\n                                        <p class=\"desc\">Las cifras oficiales marcan un hito: un total 1043 embarcaciones artesanales de pota (Dosidicus gigas) ya est\u00e1n autorizadas para operar m\u00e1s all\u00e1 de las 200 millas. El sector artesanal peruano lo celebra, pero advierte: el reto reci\u00e9n empieza y exige decisiones clave del gobierno de transici\u00f3n y el futuro entrante. Durante d\u00e9cadas, las flotas calamareras [&hellip;]<\/p>\r\n                                        <a class=\"btn-view-all hide-icon\" href=\"http:\/\/www.perupesquero.org\/web\/david-vs-goliat-en-altamar-mas-de-mil-embarcaciones-artesanales-peruanas-podran-competir-con-la-poderosa-flota-china\/\"><span class=\"view-all-text\" data-hover=\"Leer M\u00e1s\">Leer M\u00e1s<\/span> <\/a>\r\n                                    <\/div>\r\n                                <\/div>\r\n                            <\/div><div class=\"item-slider\">\r\n                                <div class=\"item-top-post post-item\">\r\n                                    <div class=\"post-thumb\">\r\n                                        <a href=\"http:\/\/www.perupesquero.org\/web\/oleajes-anomalos-obligan-a-cerrar-53-puertos-en-el-litoral-peruano-hasta-el-30-de-abril\/\">\r\n                                            <img loading=\"lazy\" decoding=\"async\" width=\"360\" height=\"216\" src=\"http:\/\/www.perupesquero.org\/web\/wp-content\/uploads\/2023\/07\/oleajes-anomalos-y-pescadores-360x216.jpg\" class=\"attachment-360x216 size-360x216 wp-post-image\" alt=\"\" \/>\r\n                                            <p class=\"comment-count\"><span class=\"lnr lnr-bubble\"><\/span> 0 Comentario<\/p>\r\n                                        <\/a>\r\n                                    <\/div>\r\n                                    <div class=\"post-info fix-height\">\r\n                                        <div class=\"post-format\">\r\n                                            <a href=\"http:\/\/www.perupesquero.org\/web\/category\/noticias\/\"> Noticias<\/a>\r\n                                        <\/div>\r\n                                        <h3 class=\"post-title\"><a href=\"http:\/\/www.perupesquero.org\/web\/oleajes-anomalos-obligan-a-cerrar-53-puertos-en-el-litoral-peruano-hasta-el-30-de-abril\/\">Oleajes an\u00f3malos obligan a cerrar 53 puertos en el litoral peruano hasta el 30 de abril<\/a><\/h3>\r\n                                        <p class=\"desc\">Un total de 53 puertos permanecen cerrados a lo largo del litoral peruano debido a la presencia de oleajes an\u00f3malos de ligera a moderada intensidad, inform\u00f3 este domingo 26 de abril la Direcci\u00f3n General de Capitan\u00edas y Guardacostas (Dicapi) de la Marina de Guerra del Per\u00fa. Seg\u00fan el Centro de Operaciones de Emergencia Nacional (COEN), [&hellip;]<\/p>\r\n                                        <a class=\"btn-view-all hide-icon\" href=\"http:\/\/www.perupesquero.org\/web\/oleajes-anomalos-obligan-a-cerrar-53-puertos-en-el-litoral-peruano-hasta-el-30-de-abril\/\"><span class=\"view-all-text\" data-hover=\"Leer M\u00e1s\">Leer M\u00e1s<\/span> <\/a>\r\n                                    <\/div>\r\n                                <\/div>\r\n                            <\/div><div class=\"item-slider\">\r\n                                <div class=\"item-top-post post-item\">\r\n                                    <div class=\"post-thumb\">\r\n                                        <a href=\"http:\/\/www.perupesquero.org\/web\/pesca-ilegal-en-chile-denuncia-contra-empresa-china-revela-vacios-legales-y-debilidades-en-fiscalizacion\/\">\r\n                                            <img loading=\"lazy\" decoding=\"async\" width=\"360\" height=\"216\" src=\"http:\/\/www.perupesquero.org\/web\/wp-content\/uploads\/2026\/04\/WhatsApp-Image-2026-04-26-at-5.06.14-PM-360x216.jpeg\" class=\"attachment-360x216 size-360x216 wp-post-image\" alt=\"\" \/>\r\n                                            <p class=\"comment-count\"><span class=\"lnr lnr-bubble\"><\/span> 0 Comentario<\/p>\r\n                                        <\/a>\r\n                                    <\/div>\r\n                                    <div class=\"post-info fix-height\">\r\n                                        <div class=\"post-format\">\r\n                                            <a href=\"http:\/\/www.perupesquero.org\/web\/category\/noticias\/\"> Noticias<\/a>\r\n                                        <\/div>\r\n                                        <h3 class=\"post-title\"><a href=\"http:\/\/www.perupesquero.org\/web\/pesca-ilegal-en-chile-denuncia-contra-empresa-china-revela-vacios-legales-y-debilidades-en-fiscalizacion\/\">Pesca ilegal en Chile: Denuncia contra empresa china revela vac\u00edos legales y debilidades en fiscalizaci\u00f3n<\/a><\/h3>\r\n                                        <p class=\"desc\">Una denuncia contra una empresa pesquera china por presunta pesca ilegal en la Zona Econ\u00f3mica Exclusiva (ZEE) de Chile encendi\u00f3 el debate sobre las fallas en el control mar\u00edtimo y el uso de nuevas tecnolog\u00edas para enfrentar estas pr\u00e1cticas. Seg\u00fan datos del Servicio Nacional de Pesca y Acuicultura (Sernapesca), las denuncias e incautaciones por pesca [&hellip;]<\/p>\r\n                                        <a class=\"btn-view-all hide-icon\" href=\"http:\/\/www.perupesquero.org\/web\/pesca-ilegal-en-chile-denuncia-contra-empresa-china-revela-vacios-legales-y-debilidades-en-fiscalizacion\/\"><span class=\"view-all-text\" data-hover=\"Leer M\u00e1s\">Leer M\u00e1s<\/span> <\/a>\r\n                                    <\/div>\r\n                                <\/div>\r\n                            <\/div><div class=\"item-slider\">\r\n                                <div class=\"item-top-post post-item\">\r\n                                    <div class=\"post-thumb\">\r\n                                        <a href=\"http:\/\/www.perupesquero.org\/web\/el-nino-2023-2024-por-que-no-se-intensifico-frente-al-peru-y-que-se-espera-en-2026\/\">\r\n                                            <img loading=\"lazy\" decoding=\"async\" width=\"360\" height=\"216\" src=\"http:\/\/www.perupesquero.org\/web\/wp-content\/uploads\/2026\/04\/WhatsApp-Image-2026-04-26-at-4.24.54-PM-360x216.jpeg\" class=\"attachment-360x216 size-360x216 wp-post-image\" alt=\"\" \/>\r\n                                            <p class=\"comment-count\"><span class=\"lnr lnr-bubble\"><\/span> 0 Comentario<\/p>\r\n                                        <\/a>\r\n                                    <\/div>\r\n                                    <div class=\"post-info fix-height\">\r\n                                        <div class=\"post-format\">\r\n                                            <a href=\"http:\/\/www.perupesquero.org\/web\/category\/noticias\/\"> Noticias<\/a>\r\n                                        <\/div>\r\n                                        <h3 class=\"post-title\"><a href=\"http:\/\/www.perupesquero.org\/web\/el-nino-2023-2024-por-que-no-se-intensifico-frente-al-peru-y-que-se-espera-en-2026\/\">El Ni\u00f1o 2023\u20132024: \u00bfPor qu\u00e9 no se intensific\u00f3 frente al Per\u00fa y qu\u00e9 se espera en 2026?<\/a><\/h3>\r\n                                        <p class=\"desc\">Durante 2023, diversas agencias nacionales e internacionales alertaron sobre la posible ocurrencia de un evento El Ni\u00f1o de gran intensidad hacia finales de ese a\u00f1o e inicios de 2024. No obstante, un an\u00e1lisis detallado de las condiciones oce\u00e1nicas y atmosf\u00e9ricas demuestra que este escenario no lleg\u00f3 a materializarse con fuerza en la costa peruana. En [&hellip;]<\/p>\r\n                                        <a class=\"btn-view-all hide-icon\" href=\"http:\/\/www.perupesquero.org\/web\/el-nino-2023-2024-por-que-no-se-intensifico-frente-al-peru-y-que-se-espera-en-2026\/\"><span class=\"view-all-text\" data-hover=\"Leer M\u00e1s\">Leer M\u00e1s<\/span> <\/a>\r\n                                    <\/div>\r\n                                <\/div>\r\n                            <\/div><div class=\"item-slider\">\r\n                                <div class=\"item-top-post post-item\">\r\n                                    <div class=\"post-thumb\">\r\n                                        <a href=\"http:\/\/www.perupesquero.org\/web\/omm-en-mayo-habra-mayor-precision-sobre-la-formacion-de-el-nino\/\">\r\n                                            <img loading=\"lazy\" decoding=\"async\" width=\"360\" height=\"216\" src=\"http:\/\/www.perupesquero.org\/web\/wp-content\/uploads\/2026\/04\/WhatsApp-Image-2026-04-24-at-9.41.01-PM-360x216.jpeg\" class=\"attachment-360x216 size-360x216 wp-post-image\" alt=\"\" \/>\r\n                                            <p class=\"comment-count\"><span class=\"lnr lnr-bubble\"><\/span> 0 Comentario<\/p>\r\n                                        <\/a>\r\n                                    <\/div>\r\n                                    <div class=\"post-info fix-height\">\r\n                                        <div class=\"post-format\">\r\n                                            <a href=\"http:\/\/www.perupesquero.org\/web\/category\/noticias\/\"> Noticias<\/a>\r\n                                        <\/div>\r\n                                        <h3 class=\"post-title\"><a href=\"http:\/\/www.perupesquero.org\/web\/omm-en-mayo-habra-mayor-precision-sobre-la-formacion-de-el-nino\/\">OMM: En mayo habr\u00e1 mayor precisi\u00f3n sobre la formaci\u00f3n de El Ni\u00f1o<\/a><\/h3>\r\n                                        <p class=\"desc\">La Organizaci\u00f3n Meteorol\u00f3gica Mundial inform\u00f3 que a partir de mayo se contar\u00e1 con pron\u00f3sticos m\u00e1s precisos sobre la posible formaci\u00f3n de un nuevo episodio del fen\u00f3meno El Ni\u00f1o, cuya probabilidad viene en aumento de cara a mediados de 2026. De acuerdo con su m\u00e1s reciente bolet\u00edn sobre el clima estacional, los modelos clim\u00e1ticos coinciden en [&hellip;]<\/p>\r\n                                        <a class=\"btn-view-all hide-icon\" href=\"http:\/\/www.perupesquero.org\/web\/omm-en-mayo-habra-mayor-precision-sobre-la-formacion-de-el-nino\/\"><span class=\"view-all-text\" data-hover=\"Leer M\u00e1s\">Leer M\u00e1s<\/span> <\/a>\r\n                                    <\/div>\r\n                                <\/div>\r\n                            <\/div><div class=\"item-slider\">\r\n                                <div class=\"item-top-post post-item\">\r\n                                    <div class=\"post-thumb\">\r\n                                        <a href=\"http:\/\/www.perupesquero.org\/web\/produce-suspende-pesca-de-anchoveta-por-10-dias-por-presencia-de-juveniles-en-la-zona-norte-centro\/\">\r\n                                            <img loading=\"lazy\" decoding=\"async\" width=\"360\" height=\"216\" src=\"http:\/\/www.perupesquero.org\/web\/wp-content\/uploads\/2024\/07\/anchoveta-3-360x216.jpg\" class=\"attachment-360x216 size-360x216 wp-post-image\" alt=\"\" \/>\r\n                                            <p class=\"comment-count\"><span class=\"lnr lnr-bubble\"><\/span> 0 Comentario<\/p>\r\n                                        <\/a>\r\n                                    <\/div>\r\n                                    <div class=\"post-info fix-height\">\r\n                                        <div class=\"post-format\">\r\n                                            <a href=\"http:\/\/www.perupesquero.org\/web\/category\/noticias\/\"> Noticias<\/a>\r\n                                        <\/div>\r\n                                        <h3 class=\"post-title\"><a href=\"http:\/\/www.perupesquero.org\/web\/produce-suspende-pesca-de-anchoveta-por-10-dias-por-presencia-de-juveniles-en-la-zona-norte-centro\/\">Produce suspende pesca de anchoveta por 10 d\u00edas por presencia de juveniles en la zona norte-centro<\/a><\/h3>\r\n                                        <p class=\"desc\">El Ministerio de la Producci\u00f3n (Produce) a\u00a0trav\u00e9s de la RESOLUCI\u00d3N DIRECTORAL N\u00ba 00047-2026-PRODUCE\/DGSFS-PA\u00a0 dispuso la suspensi\u00f3n temporal de las actividades extractivas de anchoveta en la regi\u00f3n norte-centro del pa\u00eds, con el objetivo de proteger la sostenibilidad del recurso ante la alta presencia de ejemplares juveniles. La medida se adopta tras el an\u00e1lisis t\u00e9cnico del Instituto [&hellip;]<\/p>\r\n                                        <a class=\"btn-view-all hide-icon\" href=\"http:\/\/www.perupesquero.org\/web\/produce-suspende-pesca-de-anchoveta-por-10-dias-por-presencia-de-juveniles-en-la-zona-norte-centro\/\"><span class=\"view-all-text\" data-hover=\"Leer M\u00e1s\">Leer M\u00e1s<\/span> <\/a>\r\n                                    <\/div>\r\n                                <\/div>\r\n                            <\/div><div class=\"item-slider\">\r\n                                <div class=\"item-top-post post-item\">\r\n                                    <div class=\"post-thumb\">\r\n                                        <a href=\"http:\/\/www.perupesquero.org\/web\/tacna-fortalece-su-comercio-pesquero-con-capacitacion-sanitaria-a-50-operadores-para-exportacion-e-importacion\/\">\r\n                                            <img loading=\"lazy\" decoding=\"async\" width=\"360\" height=\"216\" src=\"http:\/\/www.perupesquero.org\/web\/wp-content\/uploads\/2026\/04\/Exportaciones-1-scaled-360x216.jpg\" class=\"attachment-360x216 size-360x216 wp-post-image\" alt=\"\" \/>\r\n                                            <p class=\"comment-count\"><span class=\"lnr lnr-bubble\"><\/span> 0 Comentario<\/p>\r\n                                        <\/a>\r\n                                    <\/div>\r\n                                    <div class=\"post-info fix-height\">\r\n                                        <div class=\"post-format\">\r\n                                            <a href=\"http:\/\/www.perupesquero.org\/web\/category\/noticias\/\"> Noticias<\/a>\r\n                                        <\/div>\r\n                                        <h3 class=\"post-title\"><a href=\"http:\/\/www.perupesquero.org\/web\/tacna-fortalece-su-comercio-pesquero-con-capacitacion-sanitaria-a-50-operadores-para-exportacion-e-importacion\/\">Tacna fortalece su comercio pesquero con capacitaci\u00f3n sanitaria a 50 operadores para exportaci\u00f3n e importaci\u00f3n<\/a><\/h3>\r\n                                        <p class=\"desc\">Sanipes reforz\u00f3 conocimientos en certificaci\u00f3n sanitaria, trazabilidad y uso de herramientas exigidas por mercados internacionales para dinamizar el comercio hidrobiol\u00f3gico. Con el objetivo de fortalecer la competitividad del sector pesquero y acu\u00edcola y facilitar el acceso de los productos hidrobiol\u00f3gicos peruanos a mercados internacionales, 50 importadores, exportadores y productores de la regi\u00f3n Tacna participaron en [&hellip;]<\/p>\r\n                                        <a class=\"btn-view-all hide-icon\" href=\"http:\/\/www.perupesquero.org\/web\/tacna-fortalece-su-comercio-pesquero-con-capacitacion-sanitaria-a-50-operadores-para-exportacion-e-importacion\/\"><span class=\"view-all-text\" data-hover=\"Leer M\u00e1s\">Leer M\u00e1s<\/span> <\/a>\r\n                                    <\/div>\r\n                                <\/div>\r\n                            <\/div><div class=\"item-slider\">\r\n                                <div class=\"item-top-post post-item\">\r\n                                    <div class=\"post-thumb\">\r\n                                        <a href=\"http:\/\/www.perupesquero.org\/web\/pesca-de-la-pota-alcanza-casi-el-89-del-limite-establecido-para-2026\/\">\r\n                                            <img loading=\"lazy\" decoding=\"async\" width=\"360\" height=\"216\" src=\"http:\/\/www.perupesquero.org\/web\/wp-content\/uploads\/2021\/02\/POTA-CHD-360x216.jpg\" class=\"attachment-360x216 size-360x216 wp-post-image\" alt=\"\" \/>\r\n                                            <p class=\"comment-count\"><span class=\"lnr lnr-bubble\"><\/span> 0 Comentario<\/p>\r\n                                        <\/a>\r\n                                    <\/div>\r\n                                    <div class=\"post-info fix-height\">\r\n                                        <div class=\"post-format\">\r\n                                            <a href=\"http:\/\/www.perupesquero.org\/web\/category\/noticias\/\"> Noticias<\/a>\r\n                                        <\/div>\r\n                                        <h3 class=\"post-title\"><a href=\"http:\/\/www.perupesquero.org\/web\/pesca-de-la-pota-alcanza-casi-el-89-del-limite-establecido-para-2026\/\">Pesca de la pota alcanza casi el 89% del l\u00edmite establecido para 2026<\/a><\/h3>\r\n                                        <p class=\"desc\">La pesca del calamar gigante o pota en el Per\u00fa contin\u00faa mostrando un avance significativo durante el primer semestre de 2026. De acuerdo con informaci\u00f3n de la Direcci\u00f3n General de Supervisi\u00f3n, Fiscalizaci\u00f3n y Sanci\u00f3n del Viceministerio de Pesca y Acuicultura (DGSFS-PA), las descargas del recurso alcanzaron un total de 271,389.58 toneladas que representa un 88.86% [&hellip;]<\/p>\r\n                                        <a class=\"btn-view-all hide-icon\" href=\"http:\/\/www.perupesquero.org\/web\/pesca-de-la-pota-alcanza-casi-el-89-del-limite-establecido-para-2026\/\"><span class=\"view-all-text\" data-hover=\"Leer M\u00e1s\">Leer M\u00e1s<\/span> <\/a>\r\n                                    <\/div>\r\n                                <\/div>\r\n                            <\/div><\/div>\r\n                            <\/div><\/div>[vc_separator][\/vc_column][\/vc_row][vc_row][vc_column][vc_column_text]<\/p>\n\r\n\r\n<p>[\/vc_column_text][\/vc_column][\/vc_row][vc_row][vc_column width=&#8221;1\/4&#8243;]<div class=\"logo\">\r\n                            <a href=\"http:\/\/www.perupesquero.org\/web\">\r\n                                <img decoding=\"async\" src=\"http:\/\/www.perupesquero.org\/web\/wp-content\/uploads\/2019\/01\/rocio-2018.jpg\" alt=\"logo\">\r\n                            <\/a>\r\n                        <\/div>[\/vc_column][vc_column width=&#8221;3\/4&#8243;][vc_column_text]<\/p>\n<h1>FASE 1, INICIO DE LA PESCA INDUSTRIAL<\/h1>\n<p>La reanudaci\u00f3n de actividades econ\u00f3micas en forma gradual y progresiva, es el primer paso con que el Per\u00fa intenta volver a la normalidad, 51 d\u00edas despu\u00e9s del brote del COVID-19, que hoy asola al mundo. El Presidente de la Rep\u00fablica del Per\u00fa, Mart\u00edn Vizcarra, public\u00f3 el domingo 3 mayo el DECRETO SUPREMO N\u00b0 080-2020-PCM, con el cual se reanudar\u00e1 27 actividades en cuatro sectores econ\u00f3micos dentro de la Fase 1 y donde se ubica, la pesca industrial (Consumo Humano Indirecto), que operando podr\u00eda generar aportes en m\u00e1s del 20% al Producto Bruto Interno, PBI (seg\u00fan SNP-2020). <a href=\"http:\/\/www.perupesquero.org\/web\/fase-1-inicio-de-la-pesca-industrial\/\">Leer M\u00e1s &gt;&gt;&gt;<\/a>[\/vc_column_text][\/vc_column][\/vc_row][vc_row][vc_column][vc_column_text]<\/p>\n\r\n\r\n\r\n<p>[\/vc_column_text][\/vc_column][\/vc_row][vc_row][vc_column][vc_separator][\/vc_column][\/vc_row][vc_row][vc_column][vc_column_text]<\/p>\r\n\r\n\r\n<p>[\/vc_column_text][\/vc_column][\/vc_row][vc_row full_width=&#8221;stretch_row&#8221; css=&#8221;.vc_custom_1477243173551{background-color: #eaeaea !important;background-position: center !important;background-repeat: no-repeat !important;background-size: cover !important;}&#8221;][vc_column css=&#8221;.vc_custom_1477241964964{padding-top: 20px !important;padding-bottom: 30px !important;background-color: #eaeaea !important;}&#8221;][vc_column_text css=&#8221;.vc_custom_1477935732044{margin-bottom: 25px !important;}&#8221;]<\/p>\n<h2 class=\"title home-title\">PESQUER\u00cdA<\/h2>\n<p>[\/vc_column_text]<div class=\"home-direct-nav trending\">\r\n                                <div class=\"row\"><div class=\"sv-slider\" data-item=\"2\" data-speed=\"\" data-itemres=\"\" data-animation=\"\" data-nav=\"home-direct-nav\"><div class=\"item\"><div class=\"col-md-12 col-sm-12 col-xs-12\"><div class=\"item-trending-post post-item\">\r\n                                <div class=\"post-thumb\">\r\n                                    <a href=\"http:\/\/www.perupesquero.org\/web\/smartframe-v3-innovacion-peruana-que-revoluciona-el-monitoreo-no-extractivo-de-la-concha-de-abanico\/\">\r\n                                        <img loading=\"lazy\" decoding=\"async\" width=\"547\" height=\"340\" src=\"http:\/\/www.perupesquero.org\/web\/wp-content\/uploads\/2025\/12\/proyecto-547x340.jpg\" class=\"attachment-547x340 size-547x340 wp-post-image\" alt=\"\" \/>\r\n                                    <\/a>\r\n                                <\/div>\r\n                                <div class=\"post-info\">\r\n                                    <div class=\"post-format\">\r\n                                        <a href=\"http:\/\/www.perupesquero.org\/web\/category\/noticias\/internacionales\/\"> Internacionales<\/a>\r\n                                    <\/div>\r\n                                    <h3 class=\"post-title\">\r\n                                        <a href=\"http:\/\/www.perupesquero.org\/web\/smartframe-v3-innovacion-peruana-que-revoluciona-el-monitoreo-no-extractivo-de-la-concha-de-abanico\/\">SmartFrame V3: Innovaci\u00f3n peruana que revoluciona el monitoreo no extractivo de la concha de abanico<\/a>\r\n                                    <\/h3>\r\n                                <\/div>\r\n                            <\/div><\/div><div class=\"col-md-6 col-sm-6 col-xs-12\"><div class=\"item-trending-post post-item\">\r\n                                <div class=\"post-thumb\">\r\n                                    <a href=\"http:\/\/www.perupesquero.org\/web\/pescadores-fueron-salvados-embarcacion-pesquera-maria-mercedes-se-hundio-fuera-de-supe\/\">\r\n                                        <img loading=\"lazy\" decoding=\"async\" width=\"266\" height=\"165\" src=\"http:\/\/www.perupesquero.org\/web\/wp-content\/uploads\/2024\/05\/mariamercedessehunde-266x165.jpeg\" class=\"attachment-266x165 size-266x165 wp-post-image\" alt=\"\" srcset=\"http:\/\/www.perupesquero.org\/web\/wp-content\/uploads\/2024\/05\/mariamercedessehunde-266x165.jpeg 266w, http:\/\/www.perupesquero.org\/web\/wp-content\/uploads\/2024\/05\/mariamercedessehunde-547x340.jpeg 547w\" sizes=\"auto, (max-width: 266px) 100vw, 266px\" \/>\r\n                                    <\/a>\r\n                                <\/div>\r\n                                <div class=\"post-info\">\r\n                                    <div class=\"post-format\">\r\n                                        <a href=\"http:\/\/www.perupesquero.org\/web\/category\/noticias\/\"> Noticias<\/a>\r\n                                    <\/div>\r\n                                    <h3 class=\"post-title\">\r\n                                        <a href=\"http:\/\/www.perupesquero.org\/web\/pescadores-fueron-salvados-embarcacion-pesquera-maria-mercedes-se-hundio-fuera-de-supe\/\">Pescadores fueron salvados: Embarcaci\u00f3n pesquera Mar\u00eda Mercedes se hundi\u00f3 fuera de Supe<\/a>\r\n                                    <\/h3>\r\n                                <\/div>\r\n                            <\/div><\/div><div class=\"col-md-6 col-sm-6 col-xs-12\"><div class=\"item-trending-post post-item\">\r\n                                <div class=\"post-thumb\">\r\n                                    <a href=\"http:\/\/www.perupesquero.org\/web\/peru-rescatan-y-liberan-a-16-delfines-fuera-de-puerto-huarmey-videos\/\">\r\n                                        <img loading=\"lazy\" decoding=\"async\" width=\"266\" height=\"165\" src=\"http:\/\/www.perupesquero.org\/web\/wp-content\/uploads\/2023\/11\/LIBERACIONDEDELFINES2023-266x165.png\" class=\"attachment-266x165 size-266x165 wp-post-image\" alt=\"\" srcset=\"http:\/\/www.perupesquero.org\/web\/wp-content\/uploads\/2023\/11\/LIBERACIONDEDELFINES2023-266x165.png 266w, http:\/\/www.perupesquero.org\/web\/wp-content\/uploads\/2023\/11\/LIBERACIONDEDELFINES2023-547x340.png 547w\" sizes=\"auto, (max-width: 266px) 100vw, 266px\" \/>\r\n                                    <\/a>\r\n                                <\/div>\r\n                                <div class=\"post-info\">\r\n                                    <div class=\"post-format\">\r\n                                        <a href=\"http:\/\/www.perupesquero.org\/web\/category\/noticias\/\"> Noticias<\/a>\r\n                                    <\/div>\r\n                                    <h3 class=\"post-title\">\r\n                                        <a href=\"http:\/\/www.perupesquero.org\/web\/peru-rescatan-y-liberan-a-16-delfines-fuera-de-puerto-huarmey-videos\/\">Per\u00fa:  Rescatan y liberan a 16 delfines fuera de puerto Huarmey (videos)<\/a>\r\n                                    <\/h3>\r\n                                <\/div>\r\n                            <\/div><\/div><\/div><div class=\"item\"><div class=\"col-md-6 col-sm-6 col-xs-12\"><div class=\"item-trending-post post-item\">\r\n                                <div class=\"post-thumb\">\r\n                                    <a href=\"http:\/\/www.perupesquero.org\/web\/dos-chateros-mueren-por-inhalar-gases-toxicos-de-pescado\/\">\r\n                                        <img loading=\"lazy\" decoding=\"async\" width=\"266\" height=\"165\" src=\"http:\/\/www.perupesquero.org\/web\/wp-content\/uploads\/2023\/06\/chateros-2-266x165.png\" class=\"attachment-266x165 size-266x165 wp-post-image\" alt=\"\" srcset=\"http:\/\/www.perupesquero.org\/web\/wp-content\/uploads\/2023\/06\/chateros-2-266x165.png 266w, http:\/\/www.perupesquero.org\/web\/wp-content\/uploads\/2023\/06\/chateros-2-547x340.png 547w\" sizes=\"auto, (max-width: 266px) 100vw, 266px\" \/>\r\n                                    <\/a>\r\n                                <\/div>\r\n                                <div class=\"post-info\">\r\n                                    <div class=\"post-format\">\r\n                                        <a href=\"http:\/\/www.perupesquero.org\/web\/category\/noticias\/\"> Noticias<\/a>\r\n                                    <\/div>\r\n                                    <h3 class=\"post-title\">\r\n                                        <a href=\"http:\/\/www.perupesquero.org\/web\/dos-chateros-mueren-por-inhalar-gases-toxicos-de-pescado\/\">Dos chateros mueren por inhalar gases t\u00f3xicos de pescado<\/a>\r\n                                    <\/h3>\r\n                                <\/div>\r\n                            <\/div><\/div><div class=\"col-md-6 col-sm-6 col-xs-12\"><div class=\"item-trending-post post-item\">\r\n                                <div class=\"post-thumb\">\r\n                                    <a href=\"http:\/\/www.perupesquero.org\/web\/peru-pez-remo-que-anuncia-terremotos-es-hallado-en-playa-de-chancay\/\">\r\n                                        <img loading=\"lazy\" decoding=\"async\" width=\"266\" height=\"165\" src=\"http:\/\/www.perupesquero.org\/web\/wp-content\/uploads\/2023\/05\/pez-remo2023-266x165.png\" class=\"attachment-266x165 size-266x165 wp-post-image\" alt=\"\" srcset=\"http:\/\/www.perupesquero.org\/web\/wp-content\/uploads\/2023\/05\/pez-remo2023-266x165.png 266w, http:\/\/www.perupesquero.org\/web\/wp-content\/uploads\/2023\/05\/pez-remo2023-547x340.png 547w\" sizes=\"auto, (max-width: 266px) 100vw, 266px\" \/>\r\n                                    <\/a>\r\n                                <\/div>\r\n                                <div class=\"post-info\">\r\n                                    <div class=\"post-format\">\r\n                                        <a href=\"http:\/\/www.perupesquero.org\/web\/category\/noticias\/\"> Noticias<\/a>\r\n                                    <\/div>\r\n                                    <h3 class=\"post-title\">\r\n                                        <a href=\"http:\/\/www.perupesquero.org\/web\/peru-pez-remo-que-anuncia-terremotos-es-hallado-en-playa-de-chancay\/\">Per\u00fa: Pez remo que anuncia terremotos es hallado en playa de Chancay<\/a>\r\n                                    <\/h3>\r\n                                <\/div>\r\n                            <\/div><\/div><div class=\"col-md-12 col-sm-12 col-xs-12\"><div class=\"item-trending-post post-item\">\r\n                                <div class=\"post-thumb\">\r\n                                    <a href=\"http:\/\/www.perupesquero.org\/web\/peru-reaparecen-merluzones-al-norte-de-mancora\/\">\r\n                                        <img loading=\"lazy\" decoding=\"async\" width=\"547\" height=\"340\" src=\"http:\/\/www.perupesquero.org\/web\/wp-content\/uploads\/2021\/11\/merluza-de-85-centimetros-547x340.jpeg\" class=\"attachment-547x340 size-547x340 wp-post-image\" alt=\"\" srcset=\"http:\/\/www.perupesquero.org\/web\/wp-content\/uploads\/2021\/11\/merluza-de-85-centimetros-547x340.jpeg 547w, http:\/\/www.perupesquero.org\/web\/wp-content\/uploads\/2021\/11\/merluza-de-85-centimetros-266x165.jpeg 266w\" sizes=\"auto, (max-width: 547px) 100vw, 547px\" \/>\r\n                                    <\/a>\r\n                                <\/div>\r\n                                <div class=\"post-info\">\r\n                                    <div class=\"post-format\">\r\n                                        <a href=\"http:\/\/www.perupesquero.org\/web\/category\/noticias\/\"> Noticias<\/a>\r\n                                    <\/div>\r\n                                    <h3 class=\"post-title\">\r\n                                        <a href=\"http:\/\/www.perupesquero.org\/web\/peru-reaparecen-merluzones-al-norte-de-mancora\/\">Per\u00fa: Reaparecen merluzones al norte de Mancora<\/a>\r\n                                    <\/h3>\r\n                                <\/div>\r\n                            <\/div><\/div><\/div><div class=\"item\"><div class=\"col-md-12 col-sm-12 col-xs-12\"><div class=\"item-trending-post post-item\">\r\n                                <div class=\"post-thumb\">\r\n                                    <a href=\"http:\/\/www.perupesquero.org\/web\/celebran-iv-foro-internacional-de-produccion-de-peces-en-estanques\/\">\r\n                                        <img loading=\"lazy\" decoding=\"async\" width=\"547\" height=\"340\" src=\"http:\/\/www.perupesquero.org\/web\/wp-content\/uploads\/2021\/07\/FORO2-547x340.jpeg\" class=\"attachment-547x340 size-547x340 wp-post-image\" alt=\"\" srcset=\"http:\/\/www.perupesquero.org\/web\/wp-content\/uploads\/2021\/07\/FORO2-547x340.jpeg 547w, http:\/\/www.perupesquero.org\/web\/wp-content\/uploads\/2021\/07\/FORO2-266x165.jpeg 266w\" sizes=\"auto, (max-width: 547px) 100vw, 547px\" \/>\r\n                                    <\/a>\r\n                                <\/div>\r\n                                <div class=\"post-info\">\r\n                                    <div class=\"post-format\">\r\n                                        <a href=\"http:\/\/www.perupesquero.org\/web\/category\/noticias\/internacionales\/\"> Internacionales<\/a>\r\n                                    <\/div>\r\n                                    <h3 class=\"post-title\">\r\n                                        <a href=\"http:\/\/www.perupesquero.org\/web\/celebran-iv-foro-internacional-de-produccion-de-peces-en-estanques\/\">Celebran IV Foro Internacional de Producci\u00f3n de Peces en Estanques<\/a>\r\n                                    <\/h3>\r\n                                <\/div>\r\n                            <\/div><\/div><div class=\"col-md-6 col-sm-6 col-xs-12\"><div class=\"item-trending-post post-item\">\r\n                                <div class=\"post-thumb\">\r\n                                    <a href=\"http:\/\/www.perupesquero.org\/web\/enfen-fenomenos-el-nino-y-la-nina-se-mantienen-no-activo\/\">\r\n                                        <img loading=\"lazy\" decoding=\"async\" width=\"266\" height=\"165\" src=\"http:\/\/www.perupesquero.org\/web\/wp-content\/uploads\/2021\/06\/efen-junio-2021-266x165.jpeg\" class=\"attachment-266x165 size-266x165 wp-post-image\" alt=\"\" \/>\r\n                                    <\/a>\r\n                                <\/div>\r\n                                <div class=\"post-info\">\r\n                                    <div class=\"post-format\">\r\n                                        <a href=\"http:\/\/www.perupesquero.org\/web\/category\/noticias\/\"> Noticias<\/a>\r\n                                    <\/div>\r\n                                    <h3 class=\"post-title\">\r\n                                        <a href=\"http:\/\/www.perupesquero.org\/web\/enfen-fenomenos-el-nino-y-la-nina-se-mantienen-no-activo\/\">ENFEN: Fen\u00f3menos El Ni\u00f1o y La Ni\u00f1a se mantienen No Activo<\/a>\r\n                                    <\/h3>\r\n                                <\/div>\r\n                            <\/div><\/div><div class=\"col-md-6 col-sm-6 col-xs-12\"><div class=\"item-trending-post post-item\">\r\n                                <div class=\"post-thumb\">\r\n                                    <a href=\"http:\/\/www.perupesquero.org\/web\/pescadores-sanos-y-vivos-embarcacion-pesquera-merlin-se-hundio\/\">\r\n                                        <img loading=\"lazy\" decoding=\"async\" width=\"266\" height=\"165\" src=\"http:\/\/www.perupesquero.org\/web\/wp-content\/uploads\/2021\/05\/lancha-hundida-266x165.jpeg\" class=\"attachment-266x165 size-266x165 wp-post-image\" alt=\"\" srcset=\"http:\/\/www.perupesquero.org\/web\/wp-content\/uploads\/2021\/05\/lancha-hundida-266x165.jpeg 266w, http:\/\/www.perupesquero.org\/web\/wp-content\/uploads\/2021\/05\/lancha-hundida-547x340.jpeg 547w\" sizes=\"auto, (max-width: 266px) 100vw, 266px\" \/>\r\n                                    <\/a>\r\n                                <\/div>\r\n                                <div class=\"post-info\">\r\n                                    <div class=\"post-format\">\r\n                                        <a href=\"http:\/\/www.perupesquero.org\/web\/category\/noticias\/\"> Noticias<\/a>\r\n                                    <\/div>\r\n                                    <h3 class=\"post-title\">\r\n                                        <a href=\"http:\/\/www.perupesquero.org\/web\/pescadores-sanos-y-vivos-embarcacion-pesquera-merlin-se-hundio\/\">\u00a1Pescadores sanos y vivos! Embarcaci\u00f3n pesquera Merlin se hundi\u00f3<\/a>\r\n                                    <\/h3>\r\n                                <\/div>\r\n                            <\/div><\/div><\/div><div class=\"item\"><div class=\"col-md-6 col-sm-6 col-xs-12\"><div class=\"item-trending-post post-item\">\r\n                                <div class=\"post-thumb\">\r\n                                    <a href=\"http:\/\/www.perupesquero.org\/web\/embarcacion-pesquera-huacho-9-se-hundio\/\">\r\n                                        <img loading=\"lazy\" decoding=\"async\" width=\"266\" height=\"165\" src=\"http:\/\/www.perupesquero.org\/web\/wp-content\/uploads\/2021\/05\/embarcacion-huacho-apique-266x165.jpeg\" class=\"attachment-266x165 size-266x165 wp-post-image\" alt=\"\" srcset=\"http:\/\/www.perupesquero.org\/web\/wp-content\/uploads\/2021\/05\/embarcacion-huacho-apique-266x165.jpeg 266w, http:\/\/www.perupesquero.org\/web\/wp-content\/uploads\/2021\/05\/embarcacion-huacho-apique-547x340.jpeg 547w\" sizes=\"auto, (max-width: 266px) 100vw, 266px\" \/>\r\n                                    <\/a>\r\n                                <\/div>\r\n                                <div class=\"post-info\">\r\n                                    <div class=\"post-format\">\r\n                                        <a href=\"http:\/\/www.perupesquero.org\/web\/category\/noticias\/\"> Noticias<\/a>\r\n                                    <\/div>\r\n                                    <h3 class=\"post-title\">\r\n                                        <a href=\"http:\/\/www.perupesquero.org\/web\/embarcacion-pesquera-huacho-9-se-hundio\/\">Embarcaci\u00f3n pesquera Huacho 9 se hundi\u00f3<\/a>\r\n                                    <\/h3>\r\n                                <\/div>\r\n                            <\/div><\/div><div class=\"col-md-6 col-sm-6 col-xs-12\"><div class=\"item-trending-post post-item\">\r\n                                <div class=\"post-thumb\">\r\n                                    <a href=\"http:\/\/www.perupesquero.org\/web\/descargas-de-atun-en-chimbote-origina-optimismo-en-la-industria\/\">\r\n                                        <img loading=\"lazy\" decoding=\"async\" width=\"266\" height=\"165\" src=\"http:\/\/www.perupesquero.org\/web\/wp-content\/uploads\/2021\/04\/atuin-fernando-266x165.jpeg\" class=\"attachment-266x165 size-266x165 wp-post-image\" alt=\"\" \/>\r\n                                    <\/a>\r\n                                <\/div>\r\n                                <div class=\"post-info\">\r\n                                    <div class=\"post-format\">\r\n                                        <a href=\"http:\/\/www.perupesquero.org\/web\/category\/noticias\/\"> Noticias<\/a>\r\n                                    <\/div>\r\n                                    <h3 class=\"post-title\">\r\n                                        <a href=\"http:\/\/www.perupesquero.org\/web\/descargas-de-atun-en-chimbote-origina-optimismo-en-la-industria\/\">Descargas de at\u00fan en Chimbote origina optimismo en la industria<\/a>\r\n                                    <\/h3>\r\n                                <\/div>\r\n                            <\/div><\/div><div class=\"col-md-12 col-sm-12 col-xs-12\"><div class=\"item-trending-post post-item\">\r\n                                <div class=\"post-thumb\">\r\n                                    <a href=\"http:\/\/www.perupesquero.org\/web\/pescadores-anchoveteros-se-salvaron-de-morir-tras-naufragio-de-embarcacion-pesquera\/\">\r\n                                        <img loading=\"lazy\" decoding=\"async\" width=\"547\" height=\"340\" src=\"http:\/\/www.perupesquero.org\/web\/wp-content\/uploads\/2021\/03\/hundidaaaaa-547x340.jpeg\" class=\"attachment-547x340 size-547x340 wp-post-image\" alt=\"\" srcset=\"http:\/\/www.perupesquero.org\/web\/wp-content\/uploads\/2021\/03\/hundidaaaaa-547x340.jpeg 547w, http:\/\/www.perupesquero.org\/web\/wp-content\/uploads\/2021\/03\/hundidaaaaa-266x165.jpeg 266w\" sizes=\"auto, (max-width: 547px) 100vw, 547px\" \/>\r\n                                    <\/a>\r\n                                <\/div>\r\n                                <div class=\"post-info\">\r\n                                    <div class=\"post-format\">\r\n                                        <a href=\"http:\/\/www.perupesquero.org\/web\/category\/noticias\/\"> Noticias<\/a>\r\n                                    <\/div>\r\n                                    <h3 class=\"post-title\">\r\n                                        <a href=\"http:\/\/www.perupesquero.org\/web\/pescadores-anchoveteros-se-salvaron-de-morir-tras-naufragio-de-embarcacion-pesquera\/\">Pescadores anchoveteros se salvaron de morir tras naufragio de embarcaci\u00f3n pesquera<\/a>\r\n                                    <\/h3>\r\n                                <\/div>\r\n                            <\/div><\/div><\/div><div class=\"item\"><div class=\"col-md-12 col-sm-12 col-xs-12\"><div class=\"item-trending-post post-item\">\r\n                                <div class=\"post-thumb\">\r\n                                    <a href=\"http:\/\/www.perupesquero.org\/web\/austral-group-culmina-el-primer-modulo-del-programa-score-training-de-la-oit-desarrollado-con-sus-proveedores\/\">\r\n                                        <img loading=\"lazy\" decoding=\"async\" width=\"547\" height=\"340\" src=\"http:\/\/www.perupesquero.org\/web\/wp-content\/uploads\/2021\/03\/Austral-reunio\u0301n-547x340.jpeg\" class=\"attachment-547x340 size-547x340 wp-post-image\" alt=\"\" srcset=\"http:\/\/www.perupesquero.org\/web\/wp-content\/uploads\/2021\/03\/Austral-reunio\u0301n-547x340.jpeg 547w, http:\/\/www.perupesquero.org\/web\/wp-content\/uploads\/2021\/03\/Austral-reunio\u0301n-266x165.jpeg 266w\" sizes=\"auto, (max-width: 547px) 100vw, 547px\" \/>\r\n                                    <\/a>\r\n                                <\/div>\r\n                                <div class=\"post-info\">\r\n                                    <div class=\"post-format\">\r\n                                        <a href=\"http:\/\/www.perupesquero.org\/web\/category\/noticias\/nacionales\/\"> Nacionales<\/a>\r\n                                    <\/div>\r\n                                    <h3 class=\"post-title\">\r\n                                        <a href=\"http:\/\/www.perupesquero.org\/web\/austral-group-culmina-el-primer-modulo-del-programa-score-training-de-la-oit-desarrollado-con-sus-proveedores\/\">AUSTRAL GROUP culmina el primer m\u00f3dulo del programa SCORE Training de la OIT desarrollado con sus proveedores<\/a>\r\n                                    <\/h3>\r\n                                <\/div>\r\n                            <\/div><\/div><div class=\"col-md-6 col-sm-6 col-xs-12\"><div class=\"item-trending-post post-item\">\r\n                                <div class=\"post-thumb\">\r\n                                    <a href=\"http:\/\/www.perupesquero.org\/web\/buque-cientifico-de-imarpe-se-arena-y-encalla-en-playa-de-chimbote\/\">\r\n                                        <img loading=\"lazy\" decoding=\"async\" width=\"266\" height=\"165\" src=\"http:\/\/www.perupesquero.org\/web\/wp-content\/uploads\/2021\/03\/buque-luis-flores-266x165.jpeg\" class=\"attachment-266x165 size-266x165 wp-post-image\" alt=\"\" srcset=\"http:\/\/www.perupesquero.org\/web\/wp-content\/uploads\/2021\/03\/buque-luis-flores-266x165.jpeg 266w, http:\/\/www.perupesquero.org\/web\/wp-content\/uploads\/2021\/03\/buque-luis-flores-547x340.jpeg 547w\" sizes=\"auto, (max-width: 266px) 100vw, 266px\" \/>\r\n                                    <\/a>\r\n                                <\/div>\r\n                                <div class=\"post-info\">\r\n                                    <div class=\"post-format\">\r\n                                        <a href=\"http:\/\/www.perupesquero.org\/web\/category\/noticias\/\"> Noticias<\/a>\r\n                                    <\/div>\r\n                                    <h3 class=\"post-title\">\r\n                                        <a href=\"http:\/\/www.perupesquero.org\/web\/buque-cientifico-de-imarpe-se-arena-y-encalla-en-playa-de-chimbote\/\">Buque cient\u00edfico de Imarpe se arena y encalla en playa de Chimbote<\/a>\r\n                                    <\/h3>\r\n                                <\/div>\r\n                            <\/div><\/div><div class=\"col-md-6 col-sm-6 col-xs-12\"><div class=\"item-trending-post post-item\">\r\n                                <div class=\"post-thumb\">\r\n                                    <a href=\"http:\/\/www.perupesquero.org\/web\/a-comer-pescado-logro-promocionar-mas-de-251-toneladas-de-pescado-a-nivel-nacional\/\">\r\n                                        <img loading=\"lazy\" decoding=\"async\" width=\"266\" height=\"165\" src=\"http:\/\/www.perupesquero.org\/web\/wp-content\/uploads\/2021\/03\/a-comer-pescado-produce-266x165.jpg\" class=\"attachment-266x165 size-266x165 wp-post-image\" alt=\"\" srcset=\"http:\/\/www.perupesquero.org\/web\/wp-content\/uploads\/2021\/03\/a-comer-pescado-produce-266x165.jpg 266w, http:\/\/www.perupesquero.org\/web\/wp-content\/uploads\/2021\/03\/a-comer-pescado-produce-547x340.jpg 547w\" sizes=\"auto, (max-width: 266px) 100vw, 266px\" \/>\r\n                                    <\/a>\r\n                                <\/div>\r\n                                <div class=\"post-info\">\r\n                                    <div class=\"post-format\">\r\n                                        <a href=\"http:\/\/www.perupesquero.org\/web\/category\/noticias\/nacionales\/\"> Nacionales<\/a>\r\n                                    <\/div>\r\n                                    <h3 class=\"post-title\">\r\n                                        <a href=\"http:\/\/www.perupesquero.org\/web\/a-comer-pescado-logro-promocionar-mas-de-251-toneladas-de-pescado-a-nivel-nacional\/\">A Comer Pescado logr\u00f3 promocionar m\u00e1s de 251 toneladas de pescado a nivel nacional<\/a>\r\n                                    <\/h3>\r\n                                <\/div>\r\n                            <\/div><\/div><\/div><\/div>\r\n                            <\/div><\/div>[\/vc_column][\/vc_row][vc_row][vc_column][vc_column_text]<\/p>\n\r\n\r\n\r\n<p>[\/vc_column_text][\/vc_column][\/vc_row][vc_row css=&#8221;.vc_custom_1477262563894{background-position: center !important;background-repeat: no-repeat !important;background-size: cover !important;}&#8221;][vc_column css=&#8221;.vc_custom_1477260730690{padding-top: 20px !important;padding-bottom: 30px !important;background-color: #ffffff !important;background-position: center !important;background-repeat: no-repeat !important;background-size: cover !important;}&#8221;][vc_raw_html]JTNDY2VudGVyJTNFJTNDc2NyaXB0JTIwYXN5bmMlMjBzcmMlM0QlMjJodHRwcyUzQSUyRiUyRnBhZ2VhZDIuZ29vZ2xlc3luZGljYXRpb24uY29tJTJGcGFnZWFkJTJGanMlMkZhZHNieWdvb2dsZS5qcyUyMiUzRSUzQyUyRnNjcmlwdCUzRSUwQSUzQyUyMS0tJTIwQmFubmVySG9yaW56b250YWwtYmlnJTIwLS0lM0UlMEElM0NpbnMlMjBjbGFzcyUzRCUyMmFkc2J5Z29vZ2xlJTIyJTBBJTIwJTIwJTIwJTIwJTIwc3R5bGUlM0QlMjJkaXNwbGF5JTNBaW5saW5lLWJsb2NrJTNCd2lkdGglM0E3MjhweCUzQmhlaWdodCUzQTkwcHglMjIlMEElMjAlMjAlMjAlMjAlMjBkYXRhLWFkLWNsaWVudCUzRCUyMmNhLXB1Yi0xMjIyMzY5MzQ4MTA3ODA5JTIyJTBBJTIwJTIwJTIwJTIwJTIwZGF0YS1hZC1zbG90JTNEJTIyNTI0OTM1NjM3NiUyMiUzRSUzQyUyRmlucyUzRSUwQSUzQ3NjcmlwdCUzRSUwQSUyMCUyMCUyMCUyMCUyMCUyOGFkc2J5Z29vZ2xlJTIwJTNEJTIwd2luZG93LmFkc2J5Z29vZ2xlJTIwJTdDJTdDJTIwJTVCJTVEJTI5LnB1c2glMjglN0IlN0QlMjklM0IlMEElM0MlMkZzY3JpcHQlM0UlM0MlMkZjZW50ZXIlM0U=[\/vc_raw_html][\/vc_column][\/vc_row][vc_row css=&#8221;.vc_custom_1477262940999{background-position: center !important;background-repeat: no-repeat !important;background-size: cover !important;}&#8221;][vc_column][\/vc_column][\/vc_row][vc_row][vc_column][vc_column_text]<\/p>\r\n\r\n\r\n<p>[\/vc_column_text][\/vc_column][\/vc_row][vc_row css=&#8221;.vc_custom_1482864890551{margin-top: 20px !important;background-position: center !important;background-repeat: no-repeat !important;background-size: cover !important;}&#8221;][vc_column width=&#8221;2\/3&#8243; css=&#8221;.vc_custom_1477263140566{padding-top: 20px !important;padding-bottom: 15px !important;background-position: center !important;background-repeat: no-repeat !important;background-size: cover !important;}&#8221;][vc_column_text css=&#8221;.vc_custom_1477263171753{margin-bottom: 25px !important;}&#8221;]<\/p>\n<h2 class=\"title home-title\">NOTICIAS\u00a0INTERNACIONALES<\/h2>\n<p>[\/vc_column_text]<div class=\"home-direct-nav normal\">\r\n                                <div class=\"row\"><div class=\"sv-slider\" data-item=\"2\" data-speed=\"\" data-itemres=\"\" data-animation=\"\" data-nav=\"home-direct-nav\"><div class=\"item-slider\">\r\n                                <div class=\"item-top-post post-item\">\r\n                                    <div class=\"post-thumb\">\r\n                                        <a href=\"http:\/\/www.perupesquero.org\/web\/smartframe-v3-innovacion-peruana-que-revoluciona-el-monitoreo-no-extractivo-de-la-concha-de-abanico\/\">\r\n                                            <img loading=\"lazy\" decoding=\"async\" width=\"540\" height=\"324\" src=\"http:\/\/www.perupesquero.org\/web\/wp-content\/uploads\/2025\/12\/proyecto-540x324.jpg\" class=\"attachment-540x324 size-540x324 wp-post-image\" alt=\"\" srcset=\"http:\/\/www.perupesquero.org\/web\/wp-content\/uploads\/2025\/12\/proyecto-540x324.jpg 540w, http:\/\/www.perupesquero.org\/web\/wp-content\/uploads\/2025\/12\/proyecto-360x216.jpg 360w\" sizes=\"auto, (max-width: 540px) 100vw, 540px\" \/>\r\n                                            \r\n                                        <\/a>\r\n                                    <\/div>\r\n                                    <div class=\"post-info fix-height\">\r\n                                        <div class=\"post-format\">\r\n                                            <a href=\"http:\/\/www.perupesquero.org\/web\/category\/noticias\/internacionales\/\"> Internacionales<\/a>\r\n                                        <\/div>\r\n                                        <h3 class=\"post-title\"><a href=\"http:\/\/www.perupesquero.org\/web\/smartframe-v3-innovacion-peruana-que-revoluciona-el-monitoreo-no-extractivo-de-la-concha-de-abanico\/\">SmartFrame V3: Innovaci\u00f3n peruana que revoluciona el monitoreo no extractivo de la concha de abanico<\/a><\/h3>\r\n                                        <p class=\"desc\">La acuicultura peruana da un paso firme hacia la modernizaci\u00f3n con la llegada del SmartFrame V3, un dispositivo semiautom\u00e1tico creado por Master Provider S.A.C. y VEOX S.A.C., en colaboraci\u00f3n con el CITE Pesquero Acu\u00edcola Agroindustrial Piura (ITP) y financiado por ProInn\u00f3vate (Contrato 897-PROINNOVATE-PIEC1-2023). Esta herramienta tecnol\u00f3gica busca optimizar el muestreo poblacional de la concha de [&hellip;]<\/p>\r\n                                        <a class=\"btn-view-all hide-icon\" href=\"http:\/\/www.perupesquero.org\/web\/smartframe-v3-innovacion-peruana-que-revoluciona-el-monitoreo-no-extractivo-de-la-concha-de-abanico\/\"><span class=\"view-all-text\" data-hover=\"Leer M\u00e1s\">Leer M\u00e1s<\/span> <\/a>\r\n                                    <\/div>\r\n                                <\/div>\r\n                            <\/div><div class=\"item-slider\">\r\n                                <div class=\"item-top-post post-item\">\r\n                                    <div class=\"post-thumb\">\r\n                                        <a href=\"http:\/\/www.perupesquero.org\/web\/chile-anchoveta-de-15-centimetros-se-captura-en-la-region-del-biobio\/\">\r\n                                            <img loading=\"lazy\" decoding=\"async\" width=\"540\" height=\"324\" src=\"http:\/\/www.perupesquero.org\/web\/wp-content\/uploads\/2023\/07\/anchoveta-3-540x324.png\" class=\"attachment-540x324 size-540x324 wp-post-image\" alt=\"\" srcset=\"http:\/\/www.perupesquero.org\/web\/wp-content\/uploads\/2023\/07\/anchoveta-3-540x324.png 540w, http:\/\/www.perupesquero.org\/web\/wp-content\/uploads\/2023\/07\/anchoveta-3-360x216.png 360w\" sizes=\"auto, (max-width: 540px) 100vw, 540px\" \/>\r\n                                            \r\n                                        <\/a>\r\n                                    <\/div>\r\n                                    <div class=\"post-info fix-height\">\r\n                                        <div class=\"post-format\">\r\n                                            <a href=\"http:\/\/www.perupesquero.org\/web\/category\/noticias\/internacionales\/\"> Internacionales<\/a>\r\n                                        <\/div>\r\n                                        <h3 class=\"post-title\"><a href=\"http:\/\/www.perupesquero.org\/web\/chile-anchoveta-de-15-centimetros-se-captura-en-la-region-del-biobio\/\">Chile: Anchoveta de 15 cent\u00edmetros se captura en la regi\u00f3n del Biob\u00edo<\/a><\/h3>\r\n                                        <p class=\"desc\">Al parecer, la informaci\u00f3n entregada por el Instituto de Fomento Pesquero (IFOP) en torno a que los ejemplares pel\u00e1gicos como la anchoveta y la sardina, poseen el tama\u00f1o adecuado para su extracci\u00f3n, es tan real, como las modas de m\u00e1s 15 cent\u00edmetros que actualmente llegan estos recursos en la regi\u00f3n del Biob\u00edo. La anchoveta, es [&hellip;]<\/p>\r\n                                        <a class=\"btn-view-all hide-icon\" href=\"http:\/\/www.perupesquero.org\/web\/chile-anchoveta-de-15-centimetros-se-captura-en-la-region-del-biobio\/\"><span class=\"view-all-text\" data-hover=\"Leer M\u00e1s\">Leer M\u00e1s<\/span> <\/a>\r\n                                    <\/div>\r\n                                <\/div>\r\n                            <\/div><div class=\"item-slider\">\r\n                                <div class=\"item-top-post post-item\">\r\n                                    <div class=\"post-thumb\">\r\n                                        <a href=\"http:\/\/www.perupesquero.org\/web\/celebran-iv-foro-internacional-de-produccion-de-peces-en-estanques\/\">\r\n                                            <img loading=\"lazy\" decoding=\"async\" width=\"540\" height=\"324\" src=\"http:\/\/www.perupesquero.org\/web\/wp-content\/uploads\/2021\/07\/FORO2-540x324.jpeg\" class=\"attachment-540x324 size-540x324 wp-post-image\" alt=\"\" srcset=\"http:\/\/www.perupesquero.org\/web\/wp-content\/uploads\/2021\/07\/FORO2-540x324.jpeg 540w, http:\/\/www.perupesquero.org\/web\/wp-content\/uploads\/2021\/07\/FORO2-360x216.jpeg 360w\" sizes=\"auto, (max-width: 540px) 100vw, 540px\" \/>\r\n                                            \r\n                                        <\/a>\r\n                                    <\/div>\r\n                                    <div class=\"post-info fix-height\">\r\n                                        <div class=\"post-format\">\r\n                                            <a href=\"http:\/\/www.perupesquero.org\/web\/category\/noticias\/internacionales\/\"> Internacionales<\/a>\r\n                                        <\/div>\r\n                                        <h3 class=\"post-title\"><a href=\"http:\/\/www.perupesquero.org\/web\/celebran-iv-foro-internacional-de-produccion-de-peces-en-estanques\/\">Celebran IV Foro Internacional de Producci\u00f3n de Peces en Estanques<\/a><\/h3>\r\n                                        <p class=\"desc\">El&nbsp;Ministerio de Econom\u00eda Familiar Comunitaria, Cooperativa y Asociativa (Mefcca),celebr\u00f3 junto a protagonistas este 15 de julio, el&nbsp;IV Foro Internacional de Producci\u00f3n de Peces en Estanques,&nbsp;con el lema,&nbsp;&#8220;Venciendo, Avanzando y Prosperando&#8221;. En el foro participaron especialistas internacionales y productores de Nicaragua,quienes compartieron sus experiencias en la producci\u00f3n de peces. Sector pesca va por buen camino en [&hellip;]<\/p>\r\n                                        <a class=\"btn-view-all hide-icon\" href=\"http:\/\/www.perupesquero.org\/web\/celebran-iv-foro-internacional-de-produccion-de-peces-en-estanques\/\"><span class=\"view-all-text\" data-hover=\"Leer M\u00e1s\">Leer M\u00e1s<\/span> <\/a>\r\n                                    <\/div>\r\n                                <\/div>\r\n                            <\/div><div class=\"item-slider\">\r\n                                <div class=\"item-top-post post-item\">\r\n                                    <div class=\"post-thumb\">\r\n                                        <a href=\"http:\/\/www.perupesquero.org\/web\/australia-primera-certificacion-de-mariscos-libres-de-carbono\/\">\r\n                                            <img loading=\"lazy\" decoding=\"async\" width=\"283\" height=\"234\" src=\"http:\/\/www.perupesquero.org\/web\/wp-content\/uploads\/2021\/04\/marisco-libre-carbono-1.png\" class=\"attachment-540x324 size-540x324 wp-post-image\" alt=\"\" \/>\r\n                                            \r\n                                        <\/a>\r\n                                    <\/div>\r\n                                    <div class=\"post-info fix-height\">\r\n                                        <div class=\"post-format\">\r\n                                            <a href=\"http:\/\/www.perupesquero.org\/web\/category\/noticias\/internacionales\/\"> Internacionales<\/a>\r\n                                        <\/div>\r\n                                        <h3 class=\"post-title\"><a href=\"http:\/\/www.perupesquero.org\/web\/australia-primera-certificacion-de-mariscos-libres-de-carbono\/\">Australia: Primera certificaci\u00f3n de mariscos libres de carbono<\/a><\/h3>\r\n                                        <p class=\"desc\">Leeuwin Coast de Harvest Road Oceans se ha convertido en la primera marca de acuicultura en Australia con productos de acuicultura neutros en carbono certificados oficialmente. Otorgado por la iniciativa Climate Active del gobierno australiano, la certificaci\u00f3n cubre Akoya de Leeuwin Coast, ostras de roca y mejillones que se cultivan y cosechan en la costa [&hellip;]<\/p>\r\n                                        <a class=\"btn-view-all hide-icon\" href=\"http:\/\/www.perupesquero.org\/web\/australia-primera-certificacion-de-mariscos-libres-de-carbono\/\"><span class=\"view-all-text\" data-hover=\"Leer M\u00e1s\">Leer M\u00e1s<\/span> <\/a>\r\n                                    <\/div>\r\n                                <\/div>\r\n                            <\/div><div class=\"item-slider\">\r\n                                <div class=\"item-top-post post-item\">\r\n                                    <div class=\"post-thumb\">\r\n                                        <a href=\"http:\/\/www.perupesquero.org\/web\/deniegan-el-segundo-intento-de-certificacion-msc-del-reloj-anaranjado-australiano\/\">\r\n                                            <img loading=\"lazy\" decoding=\"async\" width=\"500\" height=\"324\" src=\"http:\/\/www.perupesquero.org\/web\/wp-content\/uploads\/2021\/04\/reloj-anaranjado-australiano-500x324.jpg\" class=\"attachment-540x324 size-540x324 wp-post-image\" alt=\"\" \/>\r\n                                            \r\n                                        <\/a>\r\n                                    <\/div>\r\n                                    <div class=\"post-info fix-height\">\r\n                                        <div class=\"post-format\">\r\n                                            <a href=\"http:\/\/www.perupesquero.org\/web\/category\/noticias\/internacionales\/\"> Internacionales<\/a>\r\n                                        <\/div>\r\n                                        <h3 class=\"post-title\"><a href=\"http:\/\/www.perupesquero.org\/web\/deniegan-el-segundo-intento-de-certificacion-msc-del-reloj-anaranjado-australiano\/\">Deniegan el segundo intento de certificaci\u00f3n MSC del reloj anaranjado australiano<\/a><\/h3>\r\n                                        <p class=\"desc\">Una pesquer\u00eda de reloj anaranjado australiano no se certificar\u00e1 seg\u00fan el Est\u00e1ndar global del Marine Stewardship Council para la pesca sostenible, luego de la decisi\u00f3n de un \u00e1rbitro independiente, la \u00faltima etapa de un proceso de evaluaci\u00f3n de 18 meses de duraci\u00f3n. Un organismo de evaluaci\u00f3n independiente, MRAG Americas , hab\u00eda recomendado previamente que la [&hellip;]<\/p>\r\n                                        <a class=\"btn-view-all hide-icon\" href=\"http:\/\/www.perupesquero.org\/web\/deniegan-el-segundo-intento-de-certificacion-msc-del-reloj-anaranjado-australiano\/\"><span class=\"view-all-text\" data-hover=\"Leer M\u00e1s\">Leer M\u00e1s<\/span> <\/a>\r\n                                    <\/div>\r\n                                <\/div>\r\n                            <\/div><div class=\"item-slider\">\r\n                                <div class=\"item-top-post post-item\">\r\n                                    <div class=\"post-thumb\">\r\n                                        <a href=\"http:\/\/www.perupesquero.org\/web\/planta-canadiense-de-mariscos-acusada-de-realizar-un-etiquetado-incorrecto-en-sus-productos\/\">\r\n                                            <img loading=\"lazy\" decoding=\"async\" width=\"540\" height=\"324\" src=\"http:\/\/www.perupesquero.org\/web\/wp-content\/uploads\/2021\/04\/langosta-540x324.jpeg\" class=\"attachment-540x324 size-540x324 wp-post-image\" alt=\"\" srcset=\"http:\/\/www.perupesquero.org\/web\/wp-content\/uploads\/2021\/04\/langosta-540x324.jpeg 540w, http:\/\/www.perupesquero.org\/web\/wp-content\/uploads\/2021\/04\/langosta-360x216.jpeg 360w\" sizes=\"auto, (max-width: 540px) 100vw, 540px\" \/>\r\n                                            \r\n                                        <\/a>\r\n                                    <\/div>\r\n                                    <div class=\"post-info fix-height\">\r\n                                        <div class=\"post-format\">\r\n                                            <a href=\"http:\/\/www.perupesquero.org\/web\/category\/noticias\/internacionales\/\"> Internacionales<\/a>\r\n                                        <\/div>\r\n                                        <h3 class=\"post-title\"><a href=\"http:\/\/www.perupesquero.org\/web\/planta-canadiense-de-mariscos-acusada-de-realizar-un-etiquetado-incorrecto-en-sus-productos\/\">Planta canadiense de mariscos es acusada de  realizar un etiquetado incorrecto en sus productos<\/a><\/h3>\r\n                                        <p class=\"desc\">El martes, la Agencia de Servicios Fronterizos de Canad\u00e1 (CBSA) anunci\u00f3 que Atlantic ChiCan Seafood, con sede en Clark&#8217;s Harbour, NS, enfrenta varios cargos bajo la Ley de Aduanas y la Ley de Alimentos Seguros para Canadienses. La CBSA dice que una reciente investigaci\u00f3n conjunta con la Agencia Canadiense de Inspecci\u00f3n de Alimentos (CFIA) se [&hellip;]<\/p>\r\n                                        <a class=\"btn-view-all hide-icon\" href=\"http:\/\/www.perupesquero.org\/web\/planta-canadiense-de-mariscos-acusada-de-realizar-un-etiquetado-incorrecto-en-sus-productos\/\"><span class=\"view-all-text\" data-hover=\"Leer M\u00e1s\">Leer M\u00e1s<\/span> <\/a>\r\n                                    <\/div>\r\n                                <\/div>\r\n                            <\/div><\/div>\r\n                            <\/div><\/div>[\/vc_column][vc_column width=&#8221;1\/3&#8243; css=&#8221;.vc_custom_1482864813092{margin-top: 20px !important;}&#8221;][vc_column_text css=&#8221;.vc_custom_1548281699786{margin-bottom: 25px !important;}&#8221;]<\/p>\n<h2 class=\"title home-title\">PRONUNCIAMIENTO<\/h2>\n<p>[\/vc_column_text][vc_single_image image=&#8221;15859&#8243; img_size=&#8221;full&#8221; alignment=&#8221;center&#8221; onclick=&#8221;custom_link&#8221; img_link_target=&#8221;_blank&#8221; link=&#8221;wp-content\/uploads\/2019\/01\/pronunciamiento.pdf&#8221;][\/vc_column][\/vc_row][vc_row][vc_column][vc_column_text]<\/p>\n\r\n\r\n\r\n<p>[\/vc_column_text][\/vc_column][\/vc_row][vc_row][vc_column][\/vc_column][\/vc_row][vc_row][vc_column][vc_column_text] [\/vc_column_text][\/vc_column][\/vc_row][vc_row][vc_column][vc_column_text] [\/vc_column_text][\/vc_column][\/vc_row][vc_row][vc_column][vc_column_text] [\/vc_column_text][\/vc_column][\/vc_row][vc_row][vc_column][vc_column_text] [\/vc_column_text][\/vc_column][\/vc_row][vc_row][vc_column][vc_column_text] [\/vc_column_text][\/vc_column][\/vc_row][vc_row][vc_column][vc_column_text] [\/vc_column_text][\/vc_column][\/vc_row][vc_row][vc_column][vc_column_text] [\/vc_column_text][\/vc_column][\/vc_row]<\/p>\r\n<p>[vc_row][vc_column][vc_column_text]<\/p>\r\n\r\n<p>[\/vc_column_text][\/vc_column][\/vc_row]<\/p>","protected":false},"excerpt":{"rendered":"<p>[vc_row][vc_column][vc_column_text] [\/vc_column_text][\/vc_column][\/vc_row][vc_row][vc_column][vc_separator][\/vc_column][\/vc_row][vc_row][vc_column][vc_column_text] [\/vc_column_text][\/vc_column][\/vc_row][vc_row css=&#8221;.vc_custom_1477262563894{background-position: center !important;background-repeat: no-repeat !important;background-size: cover !important;}&#8221;][vc_column css=&#8221;.vc_custom_1477260730690{padding-top: 20px !important;padding-bottom: 30px !important;background-color: #ffffff !important;background-position: center !important;background-repeat: no-repeat !important;background-size: cover !important;}&#8221;][vc_raw_html]JTNDY2VudGVyJTNFJTNDc2NyaXB0JTIwYXN5bmMlMjBzcmMlM0QlMjJodHRwcyUzQSUyRiUyRnBhZ2VhZDIuZ29vZ2xlc3luZGljYXRpb24uY29tJTJGcGFnZWFkJTJGanMlMkZhZHNieWdvb2dsZS5qcyUyMiUzRSUzQyUyRnNjcmlwdCUzRSUwQSUzQyUyMS0tJTIwQmFubmVySG9yaW56b250YWwtYmlnJTIwLS0lM0UlMEElM0NpbnMlMjBjbGFzcyUzRCUyMmFkc2J5Z29vZ2xlJTIyJTBBJTIwJTIwJTIwJTIwJTIwc3R5bGUlM0QlMjJkaXNwbGF5JTNBaW5saW5lLWJsb2NrJTNCd2lkdGglM0E3MjhweCUzQmhlaWdodCUzQTkwcHglMjIlMEElMjAlMjAlMjAlMjAlMjBkYXRhLWFkLWNsaWVudCUzRCUyMmNhLXB1Yi0xMjIyMzY5MzQ4MTA3ODA5JTIyJTBBJTIwJTIwJTIwJTIwJTIwZGF0YS1hZC1zbG90JTNEJTIyNTI0OTM1NjM3NiUyMiUzRSUzQyUyRmlucyUzRSUwQSUzQ3NjcmlwdCUzRSUwQSUyMCUyMCUyMCUyMCUyMCUyOGFkc2J5Z29vZ2xlJTIwJTNEJTIwd2luZG93LmFkc2J5Z29vZ2xlJTIwJTdDJTdDJTIwJTVCJTVEJTI5LnB1c2glMjglN0IlN0QlMjklM0IlMEElM0MlMkZzY3JpcHQlM0UlM0MlMkZjZW50ZXIlM0U=[\/vc_raw_html][\/vc_column][\/vc_row][vc_row css=&#8221;.vc_custom_1477262940999{background-position: center !important;background-repeat: no-repeat !important;background-size: cover !important;}&#8221;][vc_column][\/vc_column][\/vc_row][vc_row][vc_column][vc_column_text] [\/vc_column_text][\/vc_column][\/vc_row][vc_row][vc_column][\/vc_column][\/vc_row][vc_row][vc_column][vc_column_text] [\/vc_column_text][\/vc_column][\/vc_row][vc_row][vc_column][vc_column_text] [\/vc_column_text][\/vc_column][\/vc_row][vc_row][vc_column][vc_column_text] [\/vc_column_text][\/vc_column][\/vc_row][vc_row][vc_column][vc_column_text] [\/vc_column_text][\/vc_column][\/vc_row][vc_row][vc_column][vc_column_text] [\/vc_column_text][\/vc_column][\/vc_row][vc_row][vc_column][vc_column_text] [\/vc_column_text][\/vc_column][\/vc_row][vc_row][vc_column][vc_column_text] [\/vc_column_text][\/vc_column][\/vc_row] [vc_row][vc_column][vc_column_text] [\/vc_column_text][\/vc_column][\/vc_row]<\/p>\n","protected":false},"author":1,"featured_media":0,"parent":17,"menu_order":0,"comment_status":"closed","ping_status":"closed","template":"visual-temlpate.php","meta":{"footnotes":""},"class_list":["post-10","page","type-page","status-publish","hentry"],"_links":{"self":[{"href":"http:\/\/www.perupesquero.org\/web\/wp-json\/wp\/v2\/pages\/10","targetHints":{"allow":["GET"]}}],"collection":[{"href":"http:\/\/www.perupesquero.org\/web\/wp-json\/wp\/v2\/pages"}],"about":[{"href":"http:\/\/www.perupesquero.org\/web\/wp-json\/wp\/v2\/types\/page"}],"author":[{"embeddable":true,"href":"http:\/\/www.perupesquero.org\/web\/wp-json\/wp\/v2\/users\/1"}],"replies":[{"embeddable":true,"href":"http:\/\/www.perupesquero.org\/web\/wp-json\/wp\/v2\/comments?post=10"}],"version-history":[{"count":213,"href":"http:\/\/www.perupesquero.org\/web\/wp-json\/wp\/v2\/pages\/10\/revisions"}],"predecessor-version":[{"id":32608,"href":"http:\/\/www.perupesquero.org\/web\/wp-json\/wp\/v2\/pages\/10\/revisions\/32608"}],"up":[{"embeddable":true,"href":"http:\/\/www.perupesquero.org\/web\/wp-json\/wp\/v2\/pages\/17"}],"wp:attachment":[{"href":"http:\/\/www.perupesquero.org\/web\/wp-json\/wp\/v2\/media?parent=10"}],"curies":[{"name":"wp","href":"https:\/\/api.w.org\/{rel}","templated":true}]}}